{"id":9200,"date":"2024-04-02T16:05:27","date_gmt":"2024-04-02T19:05:27","guid":{"rendered":"https:\/\/acervosvirtuais.ufpel.edu.br\/tccscinema\/?post_type=tnc_col_16_item&#038;p=9200"},"modified":"2024-04-02T16:08:05","modified_gmt":"2024-04-02T19:08:05","slug":"um-olhar-contemporaneo-do-percurso-de-o-homem-atras-da-janela","status":"publish","type":"tnc_col_16_item","link":"https:\/\/acervosvirtuais.ufpel.edu.br\/tccscinema\/acervo-de-tccs\/um-olhar-contemporaneo-do-percurso-de-o-homem-atras-da-janela\/","title":{"rendered":"UM OLHAR CONTEMPOR\u00c2NEO DO PERCURSO DE O HOMEM ATR\u00c1S DA JANELA"},"content":{"rendered":"<p>A pesquisa trata de uma reflex\u00e3o sobre a pr\u00e1tica do Trabalho de Conclus\u00e3o de Curso do bacharelado em Cinema de Anima\u00e7\u00e3o, da Universidade Federal de Pelotas, focada na produ\u00e7\u00e3o do curta-metragem animado O Homem atr\u00e1s da Janela (2018). O filme \u00e9 uma autofic\u00e7\u00e3o que tem como estrat\u00e9gia narrativa o relato de minha viv\u00eancia afetiva considerando \u201cuma singular rela\u00e7\u00e3o com o pr\u00f3prio tempo\u201d (AGAMBEN, 2009). Este interesse abrange n\u00e3o apenas uma caracter\u00edstica<br \/>\nestritamente documental sobre o que ocorreu em um determinado per\u00edodo, mas tamb\u00e9m uma ficcionaliza\u00e7\u00e3o de um tempo da mem\u00f3ria. A hist\u00f3ria parte de meu processo de constitui\u00e7\u00e3o como sujeito. Prop\u00f5e-se, em um primeiro momento, uma revis\u00e3o das viv\u00eancias e afetos que fizeram parte do percurso de forma\u00e7\u00e3o, n\u00e3o apenas restrito \u00e0 academia. Em um segundo momento, este percurso \u00e9 refletido de uma maneira geneal\u00f3gica, ou seja, atenta, como observa Michel Foucault, \u00e0 &#8220;constitui\u00e7\u00e3o dos saberes&#8221; (2007) percebida nessa caminhada e sua repercuss\u00e3o direta no filme. Essa aten\u00e7\u00e3o tamb\u00e9m volta-se ao que opera no filme como uma proje\u00e7\u00e3o de um poss\u00edvel futuro.<\/p>\n","protected":false},"featured_media":9240,"parent":0,"menu_order":0,"comment_status":"closed","ping_status":"closed","template":"","format":"standard","class_list":["post-9200","tnc_col_16_item","type-tnc_col_16_item","status-publish","format-standard","has-post-thumbnail","hentry"],"_links":{"self":[{"href":"https:\/\/acervosvirtuais.ufpel.edu.br\/tccscinema\/wp-json\/wp\/v2\/tnc_col_16_item\/9200","targetHints":{"allow":["GET"]}}],"collection":[{"href":"https:\/\/acervosvirtuais.ufpel.edu.br\/tccscinema\/wp-json\/wp\/v2\/tnc_col_16_item"}],"about":[{"href":"https:\/\/acervosvirtuais.ufpel.edu.br\/tccscinema\/wp-json\/wp\/v2\/types\/tnc_col_16_item"}],"replies":[{"embeddable":true,"href":"https:\/\/acervosvirtuais.ufpel.edu.br\/tccscinema\/wp-json\/wp\/v2\/comments?post=9200"}],"version-history":[{"count":1,"href":"https:\/\/acervosvirtuais.ufpel.edu.br\/tccscinema\/wp-json\/wp\/v2\/tnc_col_16_item\/9200\/revisions"}],"predecessor-version":[{"id":9241,"href":"https:\/\/acervosvirtuais.ufpel.edu.br\/tccscinema\/wp-json\/wp\/v2\/tnc_col_16_item\/9200\/revisions\/9241"}],"wp:featuredmedia":[{"embeddable":true,"href":"https:\/\/acervosvirtuais.ufpel.edu.br\/tccscinema\/wp-json\/wp\/v2\/media\/9240"}],"wp:attachment":[{"href":"https:\/\/acervosvirtuais.ufpel.edu.br\/tccscinema\/wp-json\/wp\/v2\/media?parent=9200"}],"curies":[{"name":"wp","href":"https:\/\/api.w.org\/{rel}","templated":true}]}}