{"id":437,"date":"2022-05-18T12:38:00","date_gmt":"2022-05-18T15:38:00","guid":{"rendered":"https:\/\/acervosvirtuais.ufpel.edu.br\/museudastelecomunicacoes\/?page_id=437"},"modified":"2022-05-18T13:53:02","modified_gmt":"2022-05-18T16:53:02","slug":"o-teu-numero-esta-na-lista","status":"publish","type":"page","link":"https:\/\/acervosvirtuais.ufpel.edu.br\/museudastelecomunicacoes\/o-teu-numero-esta-na-lista\/","title":{"rendered":"O teu n\u00famero est\u00e1 na lista ?"},"content":{"rendered":"\n<div class=\"wp-block-group is-layout-flow wp-block-group-is-layout-flow\">\n<p>Nesta mostra,&nbsp; o <strong>Museu das Telecomunica\u00e7\u00f5es\/UFPel<\/strong> d\u00e1 continuidade \u00e0 explora\u00e7\u00e3o e divulga\u00e7\u00e3o de seu acervo, que \u00e9 m\u00faltiplo e que possibilita multifacetadas leituras sobre o uso da tecnologia nas telecomunica\u00e7\u00f5es, assim como da apropria\u00e7\u00e3o que a comunidade de Pelotas fazia da telefonia.&nbsp; A exposi\u00e7\u00e3o traz ao p\u00fablico o tema \u201cListas telef\u00f4nicas da CTMR\u201d, um objeto totalmente em desuso hoje em dia, mas que era essencial antes do surgimento da internet. Os exemplares&nbsp; escolhidos para esta mostra foram produzidos no final do s\u00e9culo XX.<\/p>\n\n\n\n<p>A exposi\u00e7\u00e3o virtual <strong>\u201cO teu n\u00famero est\u00e1 na lista?\u201d<\/strong> apresenta uma sele\u00e7\u00e3o de&nbsp; capas dessas publica\u00e7\u00f5es, que retratam pr\u00e9dios hist\u00f3ricos da cidade de Pelotas, obras de arte, manifesta\u00e7\u00f5es culturais e imagens do interior das listas&nbsp; em conjunto com trechos de entrevistas realizadas com duas ex-funcion\u00e1rias da CTMR, que eram respons\u00e1veis pela elabora\u00e7\u00e3o destes documentos.<\/p>\n\n\n\n<p>Quem se lembra e usou a Lista Telef\u00f4nica para encontrar n\u00fameros e endere\u00e7os? A pergunta, t\u00edtulo da exposi\u00e7\u00e3o virtual, era corriqueira para quem se comunicava por telefone at\u00e9 o in\u00edcio do s\u00e9culo XXI. Voc\u00ea sabia que elas tinham mapas?!! Era um verdadeiro \u201cGoogle Maps\u201d em papel! Atrav\u00e9s das grossas publica\u00e7\u00f5es era poss\u00edvel localizar n\u00fameros de telefones e endere\u00e7os de assinantes &#8211; pessoas, com\u00e9rcios, ind\u00fastrias e todo o tipo de necessidade do dia-a-dia. At\u00e9 o in\u00edcio do s\u00e9culo XXI, era necess\u00e1rio percorrer as folhas e as se\u00e7\u00f5es das listas telef\u00f4nicas para obter essas informa\u00e7\u00f5es. Hoje basta digitar algumas palavras no teclado e em alguns segundos encontramos na tela do computador a informa\u00e7\u00e3o desejada.<\/p>\n\n\n\n<p>Estas publica\u00e7\u00f5es s\u00f3 deixaram de ter a sua utilidade quando a internet se popularizou e ampliou o n\u00famero de sites de busca, fazendo com que a procura manual se tornasse ultrapassada.&nbsp;<\/p>\n\n\n\n<p>No acervo do Museu das Telecomunica\u00e7\u00f5es\/UFPel existem alguns exemplares, vamos ver??!!<\/p>\n<\/div>\n\n\n\n<div style=\"height:100px\" aria-hidden=\"true\" class=\"wp-block-spacer\"><\/div>\n\n\n\n<div class=\"wp-block-group is-layout-flow wp-block-group-is-layout-flow\">\n<figure class=\"wp-block-image size-large\"><img loading=\"lazy\" decoding=\"async\" width=\"819\" height=\"1024\" src=\"https:\/\/acervosvirtuais.ufpel.edu.br\/museudastelecomunicacoes\/wp-content\/uploads\/sites\/5\/2022\/05\/Museu-Telecomunicacoes-2022-semana-de-museus-819x1024.png\" alt=\"\" class=\"wp-image-442\" srcset=\"https:\/\/acervosvirtuais.ufpel.edu.br\/museudastelecomunicacoes\/wp-content\/uploads\/sites\/5\/2022\/05\/Museu-Telecomunicacoes-2022-semana-de-museus-819x1024.png 819w, https:\/\/acervosvirtuais.ufpel.edu.br\/museudastelecomunicacoes\/wp-content\/uploads\/sites\/5\/2022\/05\/Museu-Telecomunicacoes-2022-semana-de-museus-320x400.png 320w, https:\/\/acervosvirtuais.ufpel.edu.br\/museudastelecomunicacoes\/wp-content\/uploads\/sites\/5\/2022\/05\/Museu-Telecomunicacoes-2022-semana-de-museus-768x960.png 768w, https:\/\/acervosvirtuais.ufpel.edu.br\/museudastelecomunicacoes\/wp-content\/uploads\/sites\/5\/2022\/05\/Museu-Telecomunicacoes-2022-semana-de-museus-205x256.png 205w, https:\/\/acervosvirtuais.ufpel.edu.br\/museudastelecomunicacoes\/wp-content\/uploads\/sites\/5\/2022\/05\/Museu-Telecomunicacoes-2022-semana-de-museus.png 1080w\" sizes=\"auto, (max-width: 819px) 100vw, 819px\" \/><figcaption><strong>Capa da lista Pelotas &#8211; 1979<\/strong> &#8211; \u201c<strong>A Dan\u00e7a do Pezinho<\/strong>\u201d, pintura do artista pl\u00e1stico Nelson Jungbluth, ga\u00facho de Taquara, famoso no Brasil e no exterior pelos seus trabalhos e pela cria\u00e7\u00e3o dos Calend\u00e1rios Varig; possui obras em museus e cole\u00e7\u00f5es particulares no Brasil, Alemanha, Argentina, Estados Unidos e Monte Carlo.<\/figcaption><\/figure>\n<\/div>\n\n\n\n<div class=\"wp-block-group is-layout-flow wp-block-group-is-layout-flow\">\n<figure class=\"wp-block-image size-large\"><img loading=\"lazy\" decoding=\"async\" width=\"819\" height=\"1024\" src=\"https:\/\/acervosvirtuais.ufpel.edu.br\/museudastelecomunicacoes\/wp-content\/uploads\/sites\/5\/2022\/05\/Museu-Telecomunicacoes-2022-semana-de-museus-1-819x1024.png\" alt=\"\" class=\"wp-image-443\" srcset=\"https:\/\/acervosvirtuais.ufpel.edu.br\/museudastelecomunicacoes\/wp-content\/uploads\/sites\/5\/2022\/05\/Museu-Telecomunicacoes-2022-semana-de-museus-1-819x1024.png 819w, https:\/\/acervosvirtuais.ufpel.edu.br\/museudastelecomunicacoes\/wp-content\/uploads\/sites\/5\/2022\/05\/Museu-Telecomunicacoes-2022-semana-de-museus-1-320x400.png 320w, https:\/\/acervosvirtuais.ufpel.edu.br\/museudastelecomunicacoes\/wp-content\/uploads\/sites\/5\/2022\/05\/Museu-Telecomunicacoes-2022-semana-de-museus-1-768x960.png 768w, https:\/\/acervosvirtuais.ufpel.edu.br\/museudastelecomunicacoes\/wp-content\/uploads\/sites\/5\/2022\/05\/Museu-Telecomunicacoes-2022-semana-de-museus-1-205x256.png 205w, https:\/\/acervosvirtuais.ufpel.edu.br\/museudastelecomunicacoes\/wp-content\/uploads\/sites\/5\/2022\/05\/Museu-Telecomunicacoes-2022-semana-de-museus-1.png 1080w\" sizes=\"auto, (max-width: 819px) 100vw, 819px\" \/><figcaption><strong>Capa da lista Pelotas &#8211; 1981<\/strong> &#8211; Paulo Roberto Lima (LIMA) \u00e9 o artista respons\u00e1vel pela ilustra\u00e7\u00e3o da capa deste Cat\u00e1logo. Nasceu no Rio de Janeiro, a 23 de fevereiro de 1949, por\u00e9m radicou-se no Rio Grande do Sul desde 1958. Al\u00e9m de produtor art\u00edstico, \u00e9 programador visual. Atuou principalmente no campo de cria\u00e7\u00e3o de marcas-s\u00edmbolos, realizando trabalhos para v\u00e1rios setores de atividade empresarial.<\/figcaption><\/figure>\n<\/div>\n\n\n\n<div class=\"wp-block-group is-layout-flow wp-block-group-is-layout-flow\">\n<figure class=\"wp-block-image size-large\"><img loading=\"lazy\" decoding=\"async\" width=\"819\" height=\"1024\" src=\"https:\/\/acervosvirtuais.ufpel.edu.br\/museudastelecomunicacoes\/wp-content\/uploads\/sites\/5\/2022\/05\/Museu-Telecomunicacoes-2022-semana-de-museus-2-819x1024.png\" alt=\"\" class=\"wp-image-444\" srcset=\"https:\/\/acervosvirtuais.ufpel.edu.br\/museudastelecomunicacoes\/wp-content\/uploads\/sites\/5\/2022\/05\/Museu-Telecomunicacoes-2022-semana-de-museus-2-819x1024.png 819w, https:\/\/acervosvirtuais.ufpel.edu.br\/museudastelecomunicacoes\/wp-content\/uploads\/sites\/5\/2022\/05\/Museu-Telecomunicacoes-2022-semana-de-museus-2-320x400.png 320w, https:\/\/acervosvirtuais.ufpel.edu.br\/museudastelecomunicacoes\/wp-content\/uploads\/sites\/5\/2022\/05\/Museu-Telecomunicacoes-2022-semana-de-museus-2-768x960.png 768w, https:\/\/acervosvirtuais.ufpel.edu.br\/museudastelecomunicacoes\/wp-content\/uploads\/sites\/5\/2022\/05\/Museu-Telecomunicacoes-2022-semana-de-museus-2-205x256.png 205w, https:\/\/acervosvirtuais.ufpel.edu.br\/museudastelecomunicacoes\/wp-content\/uploads\/sites\/5\/2022\/05\/Museu-Telecomunicacoes-2022-semana-de-museus-2.png 1080w\" sizes=\"auto, (max-width: 819px) 100vw, 819px\" \/><figcaption><strong>Capa da lista Pelotas e Cap\u00e3o do Le\u00e3o &#8211; 1987<\/strong> &#8211; Arlinda Magalh\u00e3es Nunes licenciou-se em Desenho e Pintura pela Escola de Belas Artes de Pelotas, cidade onde nasceu. Artista pl\u00e1stica, participou de diversas mostras, no Brasil e no exterior, como Espanha, It\u00e1lia, Peru, expondo em \u201cTr\u00eas Artistas Brasileiros\u201d e individualmente na Casa do Brasil, em Madri, no Pal\u00e1cio Valentini e no Museu do Folclore, em Roma, e no sal\u00e3o de Arte Moderna Decorativa, Lima. Entre outros pr\u00eamios de relev\u00e2ncia, nacionais e internacionais, recebeu medalha de prata no concurso ao Trof\u00e9u Internacional \u201cMedusa \u00c1urea\u201d, da Academia Internacional de Arte Moderna, Roma. Suas obras demonstram sua grande import\u00e2ncia como artista brasileira e constam de acervos de museus e de cole\u00e7\u00f5es particulares, do Brasil e de outros pa\u00edses, entre os quais It\u00e1lia, Inglaterra, Alemanha, Espanha, Argentina e Peru.<\/figcaption><\/figure>\n<\/div>\n\n\n\n<blockquote class=\"wp-block-quote is-layout-flow wp-block-quote-is-layout-flow\"><p>(D)&nbsp;<em>&#8211;<\/em> Uma vez a gente fez, as pessoas mandavam assim, a gente fez um concurso, at\u00e9 ganhou&#8230;n\u00e3o foi Arlinda, tem uma lista da Arlinda, aquela pintora, mas n\u00e3o foi ela, eu n\u00e3o lembro, foi um que \u00e9 professor aqui na universidade.<\/p><cite>Depoimento de Deolinda da Silva Nunes (D); trabalhou na CTMR de 1977 a 1999; entrevistada por Maria Let\u00edcia Mazzuchi Ferreira (L), em 2005.<\/cite><\/blockquote>\n\n\n\n<div class=\"wp-block-group is-layout-flow wp-block-group-is-layout-flow\">\n<figure class=\"wp-block-image size-large\"><img loading=\"lazy\" decoding=\"async\" width=\"819\" height=\"1024\" src=\"https:\/\/acervosvirtuais.ufpel.edu.br\/museudastelecomunicacoes\/wp-content\/uploads\/sites\/5\/2022\/05\/Museu-Telecomunicacoes-2022-semana-de-museus-3-819x1024.png\" alt=\"\" class=\"wp-image-445\" srcset=\"https:\/\/acervosvirtuais.ufpel.edu.br\/museudastelecomunicacoes\/wp-content\/uploads\/sites\/5\/2022\/05\/Museu-Telecomunicacoes-2022-semana-de-museus-3-819x1024.png 819w, https:\/\/acervosvirtuais.ufpel.edu.br\/museudastelecomunicacoes\/wp-content\/uploads\/sites\/5\/2022\/05\/Museu-Telecomunicacoes-2022-semana-de-museus-3-320x400.png 320w, https:\/\/acervosvirtuais.ufpel.edu.br\/museudastelecomunicacoes\/wp-content\/uploads\/sites\/5\/2022\/05\/Museu-Telecomunicacoes-2022-semana-de-museus-3-768x960.png 768w, https:\/\/acervosvirtuais.ufpel.edu.br\/museudastelecomunicacoes\/wp-content\/uploads\/sites\/5\/2022\/05\/Museu-Telecomunicacoes-2022-semana-de-museus-3-205x256.png 205w, https:\/\/acervosvirtuais.ufpel.edu.br\/museudastelecomunicacoes\/wp-content\/uploads\/sites\/5\/2022\/05\/Museu-Telecomunicacoes-2022-semana-de-museus-3.png 1080w\" sizes=\"auto, (max-width: 819px) 100vw, 819px\" \/><figcaption><strong>Capa da lista Pelotas, Cap\u00e3o do Le\u00e3o e Morro Redondo &#8211; 1989<\/strong> &#8211; Fernando Gon\u00e7alves Duarte, natural de Pelotas &#8211; RS, \u00e9 autor da obra que ilustra a capa desta Lista Telef\u00f4nica. De acordo com o artista, \u201cperder certos valores culturais pode significar perder a mem\u00f3ria coletiva de um povo, despojando-o de sua consci\u00eancia hist\u00f3rica e, principalmente, de sua pr\u00f3pria consci\u00eancia&#8221;. A prote\u00e7\u00e3o dos bens culturais gera um processo de identidade entre a cidade e sua popula\u00e7\u00e3o, que passa a se perceber como distinta de outra popula\u00e7\u00e3o\u201d. Em <strong>Puzzle<\/strong>, \u201ca figueira&#8221;, parte central da obra, homenageia a mem\u00f3ria de J. Sim\u00f5es Lopes Neto, um grande regionalista ga\u00facho\u201d.<\/figcaption><\/figure>\n<\/div>\n\n\n\n<blockquote class=\"wp-block-quote is-layout-flow wp-block-quote-is-layout-flow\"><p>(D) &#8211;&nbsp;[&#8230;] mas foi legal, a gente inscreveu muitos trabalhos, tem um, de uma \u00e1rvore do laranjal perfeita, n\u00e3o me lembro quem \u00e9 o cara daqui que fez aquela \u00e1rvore, mas \u00e9 maravilhosa pintada.<\/p><cite>Depoimento de Deolinda da Silva Nunes (D); trabalhou na CTMR de 1977 a 1999; entrevistada por Maria Let\u00edcia Mazzuchi Ferreira (L), em 2005.<\/cite><\/blockquote>\n\n\n\n<div class=\"wp-block-group is-layout-flow wp-block-group-is-layout-flow\">\n<figure class=\"wp-block-image size-large\"><img loading=\"lazy\" decoding=\"async\" width=\"819\" height=\"1024\" src=\"https:\/\/acervosvirtuais.ufpel.edu.br\/museudastelecomunicacoes\/wp-content\/uploads\/sites\/5\/2022\/05\/Museu-Telecomunicacoes-2022-semana-de-museus-4-819x1024.png\" alt=\"\" class=\"wp-image-446\" srcset=\"https:\/\/acervosvirtuais.ufpel.edu.br\/museudastelecomunicacoes\/wp-content\/uploads\/sites\/5\/2022\/05\/Museu-Telecomunicacoes-2022-semana-de-museus-4-819x1024.png 819w, https:\/\/acervosvirtuais.ufpel.edu.br\/museudastelecomunicacoes\/wp-content\/uploads\/sites\/5\/2022\/05\/Museu-Telecomunicacoes-2022-semana-de-museus-4-320x400.png 320w, https:\/\/acervosvirtuais.ufpel.edu.br\/museudastelecomunicacoes\/wp-content\/uploads\/sites\/5\/2022\/05\/Museu-Telecomunicacoes-2022-semana-de-museus-4-768x960.png 768w, https:\/\/acervosvirtuais.ufpel.edu.br\/museudastelecomunicacoes\/wp-content\/uploads\/sites\/5\/2022\/05\/Museu-Telecomunicacoes-2022-semana-de-museus-4-205x256.png 205w, https:\/\/acervosvirtuais.ufpel.edu.br\/museudastelecomunicacoes\/wp-content\/uploads\/sites\/5\/2022\/05\/Museu-Telecomunicacoes-2022-semana-de-museus-4.png 1080w\" sizes=\"auto, (max-width: 819px) 100vw, 819px\" \/><figcaption><strong>Capa da lista Pelotas, Cap\u00e3o do Le\u00e3o e Morro Redondo &#8211; 1990 <\/strong>&#8211; Carmem Luiza Garres, natural de Cacequi &#8211; RS, artista pl\u00e1stica, participante de v\u00e1rias coletivas e individuais, vencedora do concurso do P\u00f3rtico Comemorativo ao Bicenten\u00e1rio da Revolu\u00e7\u00e3o Farroupilha &#8211; Piratini &#8211; RS, \u00e9 a autora da obra que ilustra a capa desta Lista. <strong>Florescendo Pelotas<\/strong> \u00e9 assim comentada pelo jornalista e escritor Manoel Magalh\u00e3es: \u201cH\u00e1 muitos anos atr\u00e1s, ao caminhar-se pelas ruas centrais da cidade, em amenas tardes primaveris, ver-se-ia lindos casar\u00f5es admiravelmente pintados, floridos, de amplos janel\u00f5es abertos \u00e0 vida, sossegadamente constru\u00eddos em ruas bem cal\u00e7adas, arborizadas, denunciando um insuspeito amor \u00e0 Natureza e \u00e0s coisas bonitas e organizadas. Hoje, infelizmente, a realidade \u00e9 bem outra. Os casar\u00f5es est\u00e3o ruindo e sendo demolidos e as flores n\u00e3o mais existem para embelez\u00e1-los. Parecem todos envelhecidos, estigmatizados; e as janelas, antes abertas como bra\u00e7os acolhedores, s\u00e3o agora p\u00e1lpebras cerradas pela inevitabilidade da morte provocada pelo desleixo. A artista, ciente desta brutal realidade, recriou ponto por ponto, um desses palacetes que foram orgulho de Pelotas, oferecendo-lhe vida em not\u00e1veis e sutis combina\u00e7\u00f5es de cores. Querendo ou n\u00e3o, a artista \u2018Floresceu Pelotas\u2019 em nuances harmoniosas e m\u00e1gicas\u201d.<\/figcaption><\/figure>\n<\/div>\n\n\n\n<blockquote class=\"wp-block-quote is-layout-flow wp-block-quote-is-layout-flow\"><p>(D) &#8211;&nbsp;Mas olha, a gente recebeu cada foto que tu n\u00e3o tem ideia, chegou uma senhora l\u00e1, de artes pl\u00e1sticas, ent\u00e3o ela fez a frente da agr\u00edcola\u2026<\/p><cite>Depoimento de Deolinda da Silva Nunes (D); trabalhou na CTMR de 1977 a 1999; entrevistada por Maria Let\u00edcia Mazzuchi Ferreira (L), em 2005.<\/cite><\/blockquote>\n\n\n\n<div class=\"wp-block-group is-layout-flow wp-block-group-is-layout-flow\">\n<figure class=\"wp-block-image size-large\"><img loading=\"lazy\" decoding=\"async\" width=\"819\" height=\"1024\" src=\"https:\/\/acervosvirtuais.ufpel.edu.br\/museudastelecomunicacoes\/wp-content\/uploads\/sites\/5\/2022\/05\/Museu-Telecomunicacoes-2022-semana-de-museus-5-819x1024.png\" alt=\"\" class=\"wp-image-447\" srcset=\"https:\/\/acervosvirtuais.ufpel.edu.br\/museudastelecomunicacoes\/wp-content\/uploads\/sites\/5\/2022\/05\/Museu-Telecomunicacoes-2022-semana-de-museus-5-819x1024.png 819w, https:\/\/acervosvirtuais.ufpel.edu.br\/museudastelecomunicacoes\/wp-content\/uploads\/sites\/5\/2022\/05\/Museu-Telecomunicacoes-2022-semana-de-museus-5-320x400.png 320w, https:\/\/acervosvirtuais.ufpel.edu.br\/museudastelecomunicacoes\/wp-content\/uploads\/sites\/5\/2022\/05\/Museu-Telecomunicacoes-2022-semana-de-museus-5-768x960.png 768w, https:\/\/acervosvirtuais.ufpel.edu.br\/museudastelecomunicacoes\/wp-content\/uploads\/sites\/5\/2022\/05\/Museu-Telecomunicacoes-2022-semana-de-museus-5-205x256.png 205w, https:\/\/acervosvirtuais.ufpel.edu.br\/museudastelecomunicacoes\/wp-content\/uploads\/sites\/5\/2022\/05\/Museu-Telecomunicacoes-2022-semana-de-museus-5.png 1080w\" sizes=\"auto, (max-width: 819px) 100vw, 819px\" \/><figcaption><strong>Capa da lista Pelotas &#8211; 1991\/1992<\/strong> &#8211; O pintor Aldo Locatelli, nascido na regi\u00e3o de B\u00e9rgamo, na It\u00e1lia, \u00e9 autor da obra <strong>Alegoria \u00e0s Artes<\/strong>, pintada em 1952, sob encomenda do Clube Comercial de Pelotas, para a decora\u00e7\u00e3o do Hall Superior do Clube, onde se encontrava exposta na d\u00e9cada de 1990. A foto que ilustra a capa desta LIsta, simbolizando a Arte e a Sapi\u00eancia, foi feita por Paulo Luiz Lanzetta Aguiar, natural de Pelotas &#8211; RS, que desde 1973 vem realizando trabalhos t\u00e9cnicos e art\u00edsticos na cidade de Pelotas.<br><\/figcaption><\/figure>\n<\/div>\n\n\n\n<blockquote class=\"wp-block-quote is-layout-flow wp-block-quote-is-layout-flow\"><p>(D) &#8211; Da CTMR eu tenho algumas [listas].<\/p><p>(L) &#8211; Porque aqui [no museu] a gente tem poucas [&#8230;]<\/p><p>(D) &#8211; Eu, na minha escada l\u00e1 em casa, mandei fazer uns quadrinhos de capa de lista, ficou t\u00e3o bonitinho.<\/p><p>(L) &#8211; Tinha umas capas lindas, n\u00e9?<\/p><p>(D) &#8211; Tinha umas capas lindas, [&#8230;].<\/p><p><\/p><cite>Depoimento de Deolinda da Silva Nunes (D); trabalhou na CTMR de 1977 a 1999; entrevistada por Maria Let\u00edcia Mazzuchi Ferreira (L), em 2005.<br><\/cite><\/blockquote>\n\n\n\n<div class=\"wp-block-group is-layout-flow wp-block-group-is-layout-flow\">\n<figure class=\"wp-block-image size-large\"><img loading=\"lazy\" decoding=\"async\" width=\"819\" height=\"1024\" src=\"https:\/\/acervosvirtuais.ufpel.edu.br\/museudastelecomunicacoes\/wp-content\/uploads\/sites\/5\/2022\/05\/Museu-Telecomunicacoes-2022-semana-de-museus-6-1-819x1024.png\" alt=\"\" class=\"wp-image-449\" srcset=\"https:\/\/acervosvirtuais.ufpel.edu.br\/museudastelecomunicacoes\/wp-content\/uploads\/sites\/5\/2022\/05\/Museu-Telecomunicacoes-2022-semana-de-museus-6-1-819x1024.png 819w, https:\/\/acervosvirtuais.ufpel.edu.br\/museudastelecomunicacoes\/wp-content\/uploads\/sites\/5\/2022\/05\/Museu-Telecomunicacoes-2022-semana-de-museus-6-1-320x400.png 320w, https:\/\/acervosvirtuais.ufpel.edu.br\/museudastelecomunicacoes\/wp-content\/uploads\/sites\/5\/2022\/05\/Museu-Telecomunicacoes-2022-semana-de-museus-6-1-768x960.png 768w, https:\/\/acervosvirtuais.ufpel.edu.br\/museudastelecomunicacoes\/wp-content\/uploads\/sites\/5\/2022\/05\/Museu-Telecomunicacoes-2022-semana-de-museus-6-1-205x256.png 205w, https:\/\/acervosvirtuais.ufpel.edu.br\/museudastelecomunicacoes\/wp-content\/uploads\/sites\/5\/2022\/05\/Museu-Telecomunicacoes-2022-semana-de-museus-6-1.png 1080w\" sizes=\"auto, (max-width: 819px) 100vw, 819px\" \/><figcaption><strong>Capa da lista Pelotas, Cap\u00e3o do Le\u00e3o e Morro Redondo &#8211; 1994<\/strong> &#8211; \u201cA fotografia que ilustra a capa desta lista retrata o Pr\u00e9dio Sede da Companhia Telef\u00f4nica Melhoramento e Resist\u00eancia &#8211; CTMR, em comemora\u00e7\u00e3o aos 75 anos de sua funda\u00e7\u00e3o (1919 a 1994). A foto foi feita por Paulo Lanzetta de Aguiar, natural de Pelotas &#8211; RS, que desde 1973 vem atuando em trabalhos t\u00e9cnicos e art\u00edsticos nesta cidade.\u201d<\/figcaption><\/figure>\n<\/div>\n\n\n\n<blockquote class=\"wp-block-quote is-layout-flow wp-block-quote-is-layout-flow\"><p>(D) &#8211; Uma vez tive que ficar at\u00e9 tarde, porque ele n\u00e3o achava, n\u00e3o lembro o nome dele, o fot\u00f3grafo, e ele foi tirar do pr\u00e9dio novo ali, ele foi tirar de noite, eu tive que acender tudo que era luz de tudo que era andar. <\/p><cite>Depoimento de Deolinda da Silva Nunes (D); trabalhou na CTMR de 1977 a 1999; entrevistada por Maria Let\u00edcia Mazzuchi Ferreira (L), em 2005.<\/cite><\/blockquote>\n\n\n\n<figure class=\"wp-block-image size-large\"><img loading=\"lazy\" decoding=\"async\" width=\"819\" height=\"1024\" src=\"https:\/\/acervosvirtuais.ufpel.edu.br\/museudastelecomunicacoes\/wp-content\/uploads\/sites\/5\/2022\/05\/Museu-Telecomunicacoes-2022-semana-de-museus-7-819x1024.png\" alt=\"\" class=\"wp-image-450\" srcset=\"https:\/\/acervosvirtuais.ufpel.edu.br\/museudastelecomunicacoes\/wp-content\/uploads\/sites\/5\/2022\/05\/Museu-Telecomunicacoes-2022-semana-de-museus-7-819x1024.png 819w, https:\/\/acervosvirtuais.ufpel.edu.br\/museudastelecomunicacoes\/wp-content\/uploads\/sites\/5\/2022\/05\/Museu-Telecomunicacoes-2022-semana-de-museus-7-320x400.png 320w, https:\/\/acervosvirtuais.ufpel.edu.br\/museudastelecomunicacoes\/wp-content\/uploads\/sites\/5\/2022\/05\/Museu-Telecomunicacoes-2022-semana-de-museus-7-768x960.png 768w, https:\/\/acervosvirtuais.ufpel.edu.br\/museudastelecomunicacoes\/wp-content\/uploads\/sites\/5\/2022\/05\/Museu-Telecomunicacoes-2022-semana-de-museus-7-205x256.png 205w, https:\/\/acervosvirtuais.ufpel.edu.br\/museudastelecomunicacoes\/wp-content\/uploads\/sites\/5\/2022\/05\/Museu-Telecomunicacoes-2022-semana-de-museus-7.png 1080w\" sizes=\"auto, (max-width: 819px) 100vw, 819px\" \/><figcaption><strong>Capa da lista Pelotas, Cap\u00e3o do Le\u00e3o, Morro Redondo &#8211; 1996<\/strong> &#8211; Jo\u00e3o Lu\u00eds Guimar\u00e3es Vasques, natural de Pelotas, \u00e9 pintor h\u00e1 v\u00e1rios anos, formado em Museologia, participou de v\u00e1rias mostras coletivas e individuais, sendo que seus principais trabalhos foram encomendados pela Rede Globo de Televis\u00e3o, especialmente para as novelas Rainha da Sucata e Corpo e Alma. \u00c9 autor da obra <strong>Museu do Telefone <\/strong>que ilustra a capa desta Lista, onde foi usada a t\u00e9cnica \u00f3leo sobre tela e faz parte do acervo da CTMR. A fotografia foi feita por Paulo Luiz Lanzetta Aguiar, natural de Pelotas &#8211; RS, que desde 1973 vem realizando trabalhos t\u00e9cnicos e art\u00edsticos nesta cidade.<\/figcaption><\/figure>\n\n\n\n<div class=\"wp-block-group is-layout-flow wp-block-group-is-layout-flow\">\n<figure class=\"wp-block-image size-large\"><img loading=\"lazy\" decoding=\"async\" width=\"819\" height=\"1024\" src=\"https:\/\/acervosvirtuais.ufpel.edu.br\/museudastelecomunicacoes\/wp-content\/uploads\/sites\/5\/2022\/05\/Museu-Telecomunicacoes-2022-semana-de-museus-9-819x1024.png\" alt=\"\" class=\"wp-image-451\" srcset=\"https:\/\/acervosvirtuais.ufpel.edu.br\/museudastelecomunicacoes\/wp-content\/uploads\/sites\/5\/2022\/05\/Museu-Telecomunicacoes-2022-semana-de-museus-9-819x1024.png 819w, https:\/\/acervosvirtuais.ufpel.edu.br\/museudastelecomunicacoes\/wp-content\/uploads\/sites\/5\/2022\/05\/Museu-Telecomunicacoes-2022-semana-de-museus-9-320x400.png 320w, https:\/\/acervosvirtuais.ufpel.edu.br\/museudastelecomunicacoes\/wp-content\/uploads\/sites\/5\/2022\/05\/Museu-Telecomunicacoes-2022-semana-de-museus-9-768x960.png 768w, https:\/\/acervosvirtuais.ufpel.edu.br\/museudastelecomunicacoes\/wp-content\/uploads\/sites\/5\/2022\/05\/Museu-Telecomunicacoes-2022-semana-de-museus-9-205x256.png 205w, https:\/\/acervosvirtuais.ufpel.edu.br\/museudastelecomunicacoes\/wp-content\/uploads\/sites\/5\/2022\/05\/Museu-Telecomunicacoes-2022-semana-de-museus-9.png 1080w\" sizes=\"auto, (max-width: 819px) 100vw, 819px\" \/><figcaption><strong>Capa da lista Pelotas, Cap\u00e3o do Le\u00e3o, Morro Redondo e Turu\u00e7u &#8211; 1997<\/strong> &#8211; Centro de Integra\u00e7\u00e3o do Mercosul da Universidade Federal de Pelotas &#8211; Pr\u00e9dio que foi totalmente restaurado para receber eventos ligados ao Mercosul. A fotografia foi feita por Paulo Luiz Lanzetta Aguiar, natural de Pelotas &#8211; RS, que desde 1973 vem realizando trabalhos t\u00e9cnicos e art\u00edsticos nesta cidade.<\/figcaption><\/figure>\n<\/div>\n\n\n\n<blockquote class=\"wp-block-quote is-layout-flow wp-block-quote-is-layout-flow\"><p>(Leila) &#8211; Eu era uma das funcion\u00e1rias que fazia a lista telef\u00f4nica, organizava todinha desde as p\u00e1ginas introdut\u00f3rias, at\u00e9 o cadastro dos assinantes. Na \u00e9poca era a GTB e depois foi a Listel at\u00e9 o final. A gente ia para S\u00e3o Paulo, fazia cadastro, passamos muito tempo fechando a lista. A editora tinha a parte comercial, os que vendem e n\u00f3s tom\u00e1vamos conta da parte gratuita da lista, os assinantes e as p\u00e1ginas amarelas. Aquilo tudo a responsabilidade era nossa, e muita responsabilidade. A gente n\u00e3o tinha hor\u00e1rio, em \u00e9poca de fechamento da lista eu \u00e0s vezes ia para casa a meia-noite, montando mapa, [&#8230;].<\/p><cite>Depoimento de Leila Universina Jardim Jorge &#8211; Come\u00e7ou a trabalhar na CTMR em 1969 e desempenhou v\u00e1rias fun\u00e7\u00f5es, entre elas telefonista e no setor que organizava as listas telef\u00f4nicas; entrevistada por Maria Let\u00edcia Mazzuchi Ferreira (L), em 2005.<\/cite><\/blockquote>\n\n\n\n<div class=\"wp-block-group is-layout-flow wp-block-group-is-layout-flow\">\n<figure class=\"wp-block-image size-large\"><img loading=\"lazy\" decoding=\"async\" width=\"819\" height=\"1024\" src=\"https:\/\/acervosvirtuais.ufpel.edu.br\/museudastelecomunicacoes\/wp-content\/uploads\/sites\/5\/2022\/05\/Museu-Telecomunicacoes-2022-semana-de-museus-10-819x1024.png\" alt=\"\" class=\"wp-image-453\" srcset=\"https:\/\/acervosvirtuais.ufpel.edu.br\/museudastelecomunicacoes\/wp-content\/uploads\/sites\/5\/2022\/05\/Museu-Telecomunicacoes-2022-semana-de-museus-10-819x1024.png 819w, https:\/\/acervosvirtuais.ufpel.edu.br\/museudastelecomunicacoes\/wp-content\/uploads\/sites\/5\/2022\/05\/Museu-Telecomunicacoes-2022-semana-de-museus-10-320x400.png 320w, https:\/\/acervosvirtuais.ufpel.edu.br\/museudastelecomunicacoes\/wp-content\/uploads\/sites\/5\/2022\/05\/Museu-Telecomunicacoes-2022-semana-de-museus-10-768x960.png 768w, https:\/\/acervosvirtuais.ufpel.edu.br\/museudastelecomunicacoes\/wp-content\/uploads\/sites\/5\/2022\/05\/Museu-Telecomunicacoes-2022-semana-de-museus-10-205x256.png 205w, https:\/\/acervosvirtuais.ufpel.edu.br\/museudastelecomunicacoes\/wp-content\/uploads\/sites\/5\/2022\/05\/Museu-Telecomunicacoes-2022-semana-de-museus-10.png 1080w\" sizes=\"auto, (max-width: 819px) 100vw, 819px\" \/><\/figure>\n<\/div>\n\n\n\n<blockquote class=\"wp-block-quote is-layout-flow wp-block-quote-is-layout-flow\"><p>(Leila) &#8211; N\u00f3s abr\u00edamos os logradouros, em contato com a Prefeitura, a gente criava os logradouros para sair na lista telef\u00f4nica. Eles nos mandavam protocolos de abertura das ruas e a gente criava os logradouros. Era um trabalh\u00e3o enorme e muita responsabilidade. A gente tinha que pegar um mapa da cidade, sentava no ch\u00e3o e \u00edamos para cima daquele mapa para sair tudo direito, n\u00e3o ter problemas de ruas. E depois tudo o que a gente fazia manualmente aqui, a gente levava para S\u00e3o Paulo para a editora fechar a lista telef\u00f4nica. No in\u00edcio a gente datilografava cada ordem de servi\u00e7o, mudan\u00e7a de endere\u00e7o, mudan\u00e7a de nome, a gente tinha que atualizar na editora.<\/p><cite>Depoimento de Leila Universina Jardim Jorge &#8211; Come\u00e7ou a trabalhar na CTMR em 1969 e desempenhou v\u00e1rias fun\u00e7\u00f5es, entre elas telefonista e no setor que organizava as listas telef\u00f4nicas; entrevistada por Maria Let\u00edcia Mazzuchi Ferreira (L), em 2005.<\/cite><\/blockquote>\n\n\n\n<div class=\"wp-block-group is-layout-flow wp-block-group-is-layout-flow\">\n<figure class=\"wp-block-image size-large\"><img loading=\"lazy\" decoding=\"async\" width=\"819\" height=\"1024\" src=\"https:\/\/acervosvirtuais.ufpel.edu.br\/museudastelecomunicacoes\/wp-content\/uploads\/sites\/5\/2022\/05\/Museu-Telecomunicacoes-2022-semana-de-museus-11-819x1024.png\" alt=\"\" class=\"wp-image-454\" srcset=\"https:\/\/acervosvirtuais.ufpel.edu.br\/museudastelecomunicacoes\/wp-content\/uploads\/sites\/5\/2022\/05\/Museu-Telecomunicacoes-2022-semana-de-museus-11-819x1024.png 819w, https:\/\/acervosvirtuais.ufpel.edu.br\/museudastelecomunicacoes\/wp-content\/uploads\/sites\/5\/2022\/05\/Museu-Telecomunicacoes-2022-semana-de-museus-11-320x400.png 320w, https:\/\/acervosvirtuais.ufpel.edu.br\/museudastelecomunicacoes\/wp-content\/uploads\/sites\/5\/2022\/05\/Museu-Telecomunicacoes-2022-semana-de-museus-11-768x960.png 768w, https:\/\/acervosvirtuais.ufpel.edu.br\/museudastelecomunicacoes\/wp-content\/uploads\/sites\/5\/2022\/05\/Museu-Telecomunicacoes-2022-semana-de-museus-11-205x256.png 205w, https:\/\/acervosvirtuais.ufpel.edu.br\/museudastelecomunicacoes\/wp-content\/uploads\/sites\/5\/2022\/05\/Museu-Telecomunicacoes-2022-semana-de-museus-11.png 1080w\" sizes=\"auto, (max-width: 819px) 100vw, 819px\" \/><\/figure>\n<\/div>\n\n\n\n<blockquote class=\"wp-block-quote is-layout-flow wp-block-quote-is-layout-flow\"><p>(L) &#8211; E como que voc\u00eas faziam aquela quest\u00e3o das ruas, para saber os endere\u00e7os, como \u00e9 que era isso?(D)<em> <\/em>&#8211; Marcar no mapa? No mapa a gente marcava mais onde tinha os orelh\u00f5es, e os quadrados, que tinha as ruas que sai ali, mapa n\u00famero tal na lista, e a\u00ed as introdut\u00f3rias. Geralmente era o Ivo que fazia, saiu da hist\u00f3ria de Pelotas saiu uma \u2026 as capas [sobre as diferentes capas e seus temas].<\/p><cite>Depoimento de Deolinda da Silva Nunes (D); trabalhou na CTMR de 1977 a 1999; entrevistada por Maria Let\u00edcia Mazzuchi Ferreira (L), em 2005.<\/cite><\/blockquote>\n\n\n\n<div style=\"height:100px\" aria-hidden=\"true\" class=\"wp-block-spacer\"><\/div>\n\n\n\n<p><strong>Ficha T\u00e9cnica:<\/strong><\/p>\n\n\n\n<p>Coordenadoras do projeto de ensino <strong>Organiza\u00e7\u00e3o, documenta\u00e7\u00e3o e conserva\u00e7\u00e3o preventiva de bens culturais<\/strong> &#8211; Annelise Montone e Noris Leal<\/p>\n\n\n\n<p>A\u00e7\u00e3o de extens\u00e3o Sistema de documenta\u00e7\u00e3o e divulga\u00e7\u00e3o do acervo do Museu das Telecomunica\u00e7\u00f5es.<\/p>\n\n\n\n<p>Discentes colaboradoras: Ana Carolina Fernandes, Let\u00edcia Quintana Lopes e Mariana Brauner Lobato<\/p>\n","protected":false},"excerpt":{"rendered":"<p>Nesta mostra,&nbsp; o Museu das Telecomunica\u00e7\u00f5es\/UFPel d\u00e1 continuidade \u00e0 explora\u00e7\u00e3o e divulga\u00e7\u00e3o de seu acervo, que \u00e9 m\u00faltiplo e que possibilita multifacetadas leituras sobre o uso da tecnologia nas telecomunica\u00e7\u00f5es, assim como da apropria\u00e7\u00e3o que a comunidade de Pelotas fazia da telefonia.&nbsp; A exposi\u00e7\u00e3o traz ao p\u00fablico o tema \u201cListas telef\u00f4nicas da CTMR\u201d, um objeto [&hellip;]<\/p>\n","protected":false},"author":26,"featured_media":0,"parent":0,"menu_order":0,"comment_status":"closed","ping_status":"closed","template":"","meta":{"footnotes":""},"class_list":["post-437","page","type-page","status-publish","hentry"],"_links":{"self":[{"href":"https:\/\/acervosvirtuais.ufpel.edu.br\/museudastelecomunicacoes\/wp-json\/wp\/v2\/pages\/437","targetHints":{"allow":["GET"]}}],"collection":[{"href":"https:\/\/acervosvirtuais.ufpel.edu.br\/museudastelecomunicacoes\/wp-json\/wp\/v2\/pages"}],"about":[{"href":"https:\/\/acervosvirtuais.ufpel.edu.br\/museudastelecomunicacoes\/wp-json\/wp\/v2\/types\/page"}],"author":[{"embeddable":true,"href":"https:\/\/acervosvirtuais.ufpel.edu.br\/museudastelecomunicacoes\/wp-json\/wp\/v2\/users\/26"}],"replies":[{"embeddable":true,"href":"https:\/\/acervosvirtuais.ufpel.edu.br\/museudastelecomunicacoes\/wp-json\/wp\/v2\/comments?post=437"}],"version-history":[{"count":6,"href":"https:\/\/acervosvirtuais.ufpel.edu.br\/museudastelecomunicacoes\/wp-json\/wp\/v2\/pages\/437\/revisions"}],"predecessor-version":[{"id":460,"href":"https:\/\/acervosvirtuais.ufpel.edu.br\/museudastelecomunicacoes\/wp-json\/wp\/v2\/pages\/437\/revisions\/460"}],"wp:attachment":[{"href":"https:\/\/acervosvirtuais.ufpel.edu.br\/museudastelecomunicacoes\/wp-json\/wp\/v2\/media?parent=437"}],"curies":[{"name":"wp","href":"https:\/\/api.w.org\/{rel}","templated":true}]}}