{"id":194,"date":"2021-03-25T10:56:42","date_gmt":"2021-03-25T13:56:42","guid":{"rendered":"https:\/\/acervosvirtuais.ufpel.edu.br\/museudastelecomunicacoes\/?page_id=194"},"modified":"2021-05-18T09:37:57","modified_gmt":"2021-05-18T12:37:57","slug":"vozes-femininas-na-ctmr-2","status":"publish","type":"page","link":"https:\/\/acervosvirtuais.ufpel.edu.br\/museudastelecomunicacoes\/exposicoes\/vozes-femininas-na-ctmr-2\/","title":{"rendered":"Vozes Femininas na CTMR"},"content":{"rendered":"\n<div class=\"wp-block-group\"><div class=\"wp-block-group__inner-container is-layout-flow wp-block-group-is-layout-flow\">\n<div class=\"wp-block-group\"><div class=\"wp-block-group__inner-container is-layout-flow wp-block-group-is-layout-flow\">\n<div class=\"wp-block-group\"><div class=\"wp-block-group__inner-container is-layout-flow wp-block-group-is-layout-flow\">\n<p class=\"has-drop-cap has-background\" style=\"background-color:#f2f5f6;font-size:14px\">A exposi\u00e7\u00e3o <strong>Vozes femininas na CTMR<\/strong>, por meio de fotografias do acervo do Museu das Telecomunica\u00e7\u00f5es\/UFPEL e de relatos de antigas trabalhadoras da empresa, apresenta peculiaridades da atua\u00e7\u00e3o dessas mulheres, como, por exemplo, suas tarefas cotidianas e normas que deveriam ser seguidas, no contexto de atribui\u00e7\u00f5es para o trabalho feminino, fora do contexto dom\u00e9stico, na segunda metade do s\u00e9culo 20. <\/p>\n<\/div><\/div>\n\n\n\n<p class=\"has-background\" style=\"background-color:#f2f5f6;font-size:14px\">As entrevistas foram selecionadas entre os relatos organizados pelo projeto Museu das Vozes, em 2005, coordenado pela Profa. Dra. Maria Let\u00edcia Mazzucchi Ferreira. O conjunto \u00e9 formado por 21 entrevistas, sendo 7 de mulheres e 14 de homens.<\/p>\n\n\n\n<p class=\"has-background\" style=\"background-color:#f2f5f6;font-size:14px\">As divis\u00f5es de trabalho, na Companhia, tiveram como modelo as usadas na primeira central telef\u00f4nica do mundo, inaugurada em 1878, localizada em Connecticut, nos Estados Unidos. Havia uma divis\u00e3o de g\u00eaneros em que, de maneira geral, os homens eram direcionados para as \u00e1reas t\u00e9cnicas e as mulheres para as \u00e1reas sociais da telefonia, ocupando os cargos de telefonistas e fun\u00e7\u00f5es na \u00e1rea administrativa e nas recep\u00e7\u00f5es.<\/p>\n\n\n\n<p class=\"has-background\" style=\"background-color:#f2f5f6;font-size:14px\">Na pesquisa, foram identificadas algumas fun\u00e7\u00f5es desenvolvidas por estas mulheres que se tornaram pouco usuais na sociedade atual, sendo elas a de Telefonista, de Encarregada das Telefonistas, de organiza\u00e7\u00e3o da lista de assinantes (no Setor das Listas Telef\u00f4nicas), de secret\u00e1ria e contabilista (na Administra\u00e7\u00e3o) e de Taxista (no atendimento dos clientes, no Setor de Cabines Telef\u00f4nicas. Nesta exposi\u00e7\u00e3o, trabalhou-se com trechos de relatos de antigas Telefonistas e Taxistas. S\u00e3o mulheres que atuaram na Companhia entre 1947 e o final da d\u00e9cada de 1990, quando teve in\u00edcio a privatiza\u00e7\u00e3o das telecomunica\u00e7\u00f5es, no Brasil.<\/p>\n<\/div><\/div>\n<\/div><\/div>\n\n\n\n<div class=\"wp-block-columns are-vertically-aligned-bottom is-layout-flex wp-container-core-columns-is-layout-28f84493 wp-block-columns-is-layout-flex\">\n<div class=\"wp-block-column is-vertically-aligned-bottom is-layout-flow wp-block-column-is-layout-flow\" style=\"flex-basis:100%\">\n<div class=\"wp-block-group\"><div class=\"wp-block-group__inner-container is-layout-flow wp-block-group-is-layout-flow\">\n<blockquote class=\"wp-block-quote is-style-default is-layout-flow wp-block-quote-is-layout-flow\"><p><strong><em>Era muito cansativo, eu acho que eu fiquei com o problema de coluna porque as cadeiras n\u00e3o eram confort\u00e1veis, voc\u00eas est\u00e3o vendo que as cadeiras que a gente sentava eram aquilo ali, dura. E nas costas a gente batia muito, e eu era magrinha, eu batia muito com as costas, eu tinha calo, calo nos ossos da coluna. Era de tanto&#8230; nesse hor\u00e1rio que a gente trabalhava das 7:30 \u00e0s 11:30 era um terror, era hor\u00e1rio de com\u00e9rcio, era o hor\u00e1rio que o com\u00e9rcio estava funcionando.&nbsp;&#8221;&nbsp; <\/em><\/strong><\/p><cite><strong><em>Leopoldina Ebeling Caldeira &#8211; Come\u00e7ou a trabalhar, na CTMR, em 1947 na Central Telef\u00f4nica do Santo Amor<\/em>.<\/strong><\/cite><\/blockquote>\n<\/div><\/div>\n<\/div>\n<\/div>\n\n\n\n<div class=\"wp-block-image\"><figure class=\"aligncenter size-large is-resized\"><img loading=\"lazy\" decoding=\"async\" src=\"https:\/\/acervosvirtuais.ufpel.edu.br\/museudastelecomunicacoes\/wp-content\/uploads\/sites\/5\/2021\/05\/MT-EXP-FOTO-09-1024x752.jpg\" alt=\"\" class=\"wp-image-302\" width=\"675\" height=\"495\" srcset=\"https:\/\/acervosvirtuais.ufpel.edu.br\/museudastelecomunicacoes\/wp-content\/uploads\/sites\/5\/2021\/05\/MT-EXP-FOTO-09-1024x752.jpg 1024w, https:\/\/acervosvirtuais.ufpel.edu.br\/museudastelecomunicacoes\/wp-content\/uploads\/sites\/5\/2021\/05\/MT-EXP-FOTO-09-400x294.jpg 400w, https:\/\/acervosvirtuais.ufpel.edu.br\/museudastelecomunicacoes\/wp-content\/uploads\/sites\/5\/2021\/05\/MT-EXP-FOTO-09-768x564.jpg 768w, https:\/\/acervosvirtuais.ufpel.edu.br\/museudastelecomunicacoes\/wp-content\/uploads\/sites\/5\/2021\/05\/MT-EXP-FOTO-09-1536x1128.jpg 1536w, https:\/\/acervosvirtuais.ufpel.edu.br\/museudastelecomunicacoes\/wp-content\/uploads\/sites\/5\/2021\/05\/MT-EXP-FOTO-09-2048x1503.jpg 2048w, https:\/\/acervosvirtuais.ufpel.edu.br\/museudastelecomunicacoes\/wp-content\/uploads\/sites\/5\/2021\/05\/MT-EXP-FOTO-09-205x150.jpg 205w\" sizes=\"auto, (max-width: 675px) 100vw, 675px\" \/><\/figure><\/div>\n\n\n\n<blockquote class=\"wp-block-quote is-style-default is-layout-flow wp-block-quote-is-layout-flow\"><p><em><strong>E a\u00ed eu fui muito faceira pois era o meu primeiro emprego e fui na telef\u00f4nica fazer toda a papelada e, a\u00ed comecei o trabalho e para onde era? Para a sala do tr\u00e1fego interurbano manual, a sala das telefonistas, pois na \u00e9poca era tudo manual. Ent\u00e3o comecei a trabalhar no dia 12 de novembro de 69. Quando eu entrei naquela sala confesso que me assustei, porque era tanta luzinha piscando, aquela s\u00e9rie de mesas, uma mesa do lado da outra, no segundo andar do pr\u00e9dio de pastilhas. Ent\u00e3o era sala cheia de luzinha, acende e apaga, aquelas telefonistas, aquele monte de fios pendurados, e aquelas m\u00e3os que n\u00e3o paravam e eu disse: \u201cser\u00e1 que eu vou aprender?&#8221;<\/strong><\/em><\/p><cite><em><strong>Leila Universina Jardim Jorge &#8211; Come\u00e7ou a trabalhar, na CTMR, em 1969.<\/strong><\/em><\/cite><\/blockquote>\n\n\n\n<div class=\"wp-block-image\"><figure class=\"aligncenter size-large is-resized\"><img loading=\"lazy\" decoding=\"async\" src=\"https:\/\/acervosvirtuais.ufpel.edu.br\/museudastelecomunicacoes\/wp-content\/uploads\/sites\/5\/2021\/05\/MT-EXP-FOTO-08-1024x752.jpg\" alt=\"\" class=\"wp-image-303\" width=\"581\" height=\"426\" srcset=\"https:\/\/acervosvirtuais.ufpel.edu.br\/museudastelecomunicacoes\/wp-content\/uploads\/sites\/5\/2021\/05\/MT-EXP-FOTO-08-1024x752.jpg 1024w, https:\/\/acervosvirtuais.ufpel.edu.br\/museudastelecomunicacoes\/wp-content\/uploads\/sites\/5\/2021\/05\/MT-EXP-FOTO-08-400x294.jpg 400w, https:\/\/acervosvirtuais.ufpel.edu.br\/museudastelecomunicacoes\/wp-content\/uploads\/sites\/5\/2021\/05\/MT-EXP-FOTO-08-768x564.jpg 768w, https:\/\/acervosvirtuais.ufpel.edu.br\/museudastelecomunicacoes\/wp-content\/uploads\/sites\/5\/2021\/05\/MT-EXP-FOTO-08-1536x1128.jpg 1536w, https:\/\/acervosvirtuais.ufpel.edu.br\/museudastelecomunicacoes\/wp-content\/uploads\/sites\/5\/2021\/05\/MT-EXP-FOTO-08-2048x1503.jpg 2048w, https:\/\/acervosvirtuais.ufpel.edu.br\/museudastelecomunicacoes\/wp-content\/uploads\/sites\/5\/2021\/05\/MT-EXP-FOTO-08-205x150.jpg 205w\" sizes=\"auto, (max-width: 581px) 100vw, 581px\" \/><\/figure><\/div>\n\n\n\n<blockquote class=\"wp-block-quote has-text-align-left is-style-default is-layout-flow wp-block-quote-is-layout-flow\"><p><strong><em>\u00c9 que eu sempre tive horror de trabalhar em escrit\u00f3rio e, eu sempre dizia que queria trabalhar na Telef\u00f4nica de telefonista, eu adorava! Achava que era uma coisa maravilhosa e era uma coisa danada, porque tudo passava por ali. \u00c0s vezes uma liga\u00e7\u00e3o para a Bahia, que a gente n\u00e3o tinha nem no\u00e7\u00e3o de onde era. Eu fui para l\u00e1 porque eu gostava, e acho que isso ajudou a aprender r\u00e1pido o servi\u00e7o.\u00a0 <\/em><\/strong><\/p><cite><strong><em>Yolanda de Avila Pedreira &#8211; Come\u00e7ou a trabalhar, na CTMR, em 1974<\/em><\/strong>.<\/cite><\/blockquote>\n\n\n\n<div class=\"wp-block-image\"><figure class=\"aligncenter size-large is-resized\"><img loading=\"lazy\" decoding=\"async\" src=\"https:\/\/acervosvirtuais.ufpel.edu.br\/museudastelecomunicacoes\/wp-content\/uploads\/sites\/5\/2021\/05\/MT-EXP-FOTO-18-1024x866.jpg\" alt=\"\" class=\"wp-image-304\" width=\"531\" height=\"449\" srcset=\"https:\/\/acervosvirtuais.ufpel.edu.br\/museudastelecomunicacoes\/wp-content\/uploads\/sites\/5\/2021\/05\/MT-EXP-FOTO-18-1024x866.jpg 1024w, https:\/\/acervosvirtuais.ufpel.edu.br\/museudastelecomunicacoes\/wp-content\/uploads\/sites\/5\/2021\/05\/MT-EXP-FOTO-18-400x338.jpg 400w, https:\/\/acervosvirtuais.ufpel.edu.br\/museudastelecomunicacoes\/wp-content\/uploads\/sites\/5\/2021\/05\/MT-EXP-FOTO-18-768x650.jpg 768w, https:\/\/acervosvirtuais.ufpel.edu.br\/museudastelecomunicacoes\/wp-content\/uploads\/sites\/5\/2021\/05\/MT-EXP-FOTO-18-1536x1300.jpg 1536w, https:\/\/acervosvirtuais.ufpel.edu.br\/museudastelecomunicacoes\/wp-content\/uploads\/sites\/5\/2021\/05\/MT-EXP-FOTO-18-2048x1733.jpg 2048w, https:\/\/acervosvirtuais.ufpel.edu.br\/museudastelecomunicacoes\/wp-content\/uploads\/sites\/5\/2021\/05\/MT-EXP-FOTO-18-205x173.jpg 205w\" sizes=\"auto, (max-width: 531px) 100vw, 531px\" \/><\/figure><\/div>\n\n\n\n<blockquote class=\"wp-block-quote is-style-default is-layout-flow wp-block-quote-is-layout-flow\"><p><strong><em>Quem tinha o aparelho manual,\u00a0 tinha que pedir para a telefonista.\u00a0A telefonista que atendia, porque acendia uma luzinha na mesa. Cada telefone tinha uma luzinha, cada luzinha era o n\u00famero de um telefone, o meu era 115 na \u00e9poca. Ent\u00e3o ela atendia e fazia a liga\u00e7\u00e3o, e quando eu terminava de falar, dava um sinal na mesa. A\u00ed ela tirava aquela bananinha e desconectava, era assim. E aquilo funcionava noite e dia.\u00a0 <\/em><\/strong><\/p><cite><strong><em>Maria Regina Santos &#8211; Come\u00e7ou a trabalhar em 1971.<\/em><\/strong><\/cite><\/blockquote>\n\n\n\n<div class=\"wp-block-image\"><figure class=\"aligncenter size-large is-resized\"><img loading=\"lazy\" decoding=\"async\" src=\"https:\/\/acervosvirtuais.ufpel.edu.br\/museudastelecomunicacoes\/wp-content\/uploads\/sites\/5\/2021\/05\/MT-EXP-FOTO-15-752x1024.jpg\" alt=\"\" class=\"wp-image-305\" width=\"516\" height=\"703\" srcset=\"https:\/\/acervosvirtuais.ufpel.edu.br\/museudastelecomunicacoes\/wp-content\/uploads\/sites\/5\/2021\/05\/MT-EXP-FOTO-15-752x1024.jpg 752w, https:\/\/acervosvirtuais.ufpel.edu.br\/museudastelecomunicacoes\/wp-content\/uploads\/sites\/5\/2021\/05\/MT-EXP-FOTO-15-294x400.jpg 294w, https:\/\/acervosvirtuais.ufpel.edu.br\/museudastelecomunicacoes\/wp-content\/uploads\/sites\/5\/2021\/05\/MT-EXP-FOTO-15-768x1046.jpg 768w, https:\/\/acervosvirtuais.ufpel.edu.br\/museudastelecomunicacoes\/wp-content\/uploads\/sites\/5\/2021\/05\/MT-EXP-FOTO-15-1128x1536.jpg 1128w, https:\/\/acervosvirtuais.ufpel.edu.br\/museudastelecomunicacoes\/wp-content\/uploads\/sites\/5\/2021\/05\/MT-EXP-FOTO-15-1503x2048.jpg 1503w, https:\/\/acervosvirtuais.ufpel.edu.br\/museudastelecomunicacoes\/wp-content\/uploads\/sites\/5\/2021\/05\/MT-EXP-FOTO-15-205x279.jpg 205w, https:\/\/acervosvirtuais.ufpel.edu.br\/museudastelecomunicacoes\/wp-content\/uploads\/sites\/5\/2021\/05\/MT-EXP-FOTO-15-rotated.jpg 1825w\" sizes=\"auto, (max-width: 516px) 100vw, 516px\" \/><\/figure><\/div>\n\n\n\n<blockquote class=\"wp-block-quote is-style-default is-layout-flow wp-block-quote-is-layout-flow\"><p><strong><em>A noite diminu\u00eda, porque n\u00e3o eram todas as mesas que trabalhavam, depois das 10 diminu\u00eda o movimento, e isso fazia com que n\u00e3o precisassem de muita gente, e com a chefe era mais uma&#8230;&#8230; Quando tinha o final de uma novela era muito engra\u00e7ado porque parava tudo.&nbsp;Final de novela, tu podias ficar quieta, parada, tranquila, porque quando terminava a novela era uma loucura total, ningu\u00e9m ligava na hora da novela, isso era muito engra\u00e7ado, futebol tamb\u00e9m, todas essas coisas quando a gente estava trabalhando eram assim.&nbsp; <\/em><\/strong><\/p><cite><strong><em>Yolanda de Avila Pedreira &#8211; Come\u00e7ou a trabalhar, na CTMR, em 1974<\/em><\/strong>.<\/cite><\/blockquote>\n\n\n\n<div class=\"wp-block-image\"><figure class=\"aligncenter size-large is-resized\"><img loading=\"lazy\" decoding=\"async\" src=\"https:\/\/acervosvirtuais.ufpel.edu.br\/museudastelecomunicacoes\/wp-content\/uploads\/sites\/5\/2021\/05\/MT-EXP-FOTO-19-1024x749.jpg\" alt=\"\" class=\"wp-image-308\" width=\"509\" height=\"372\" srcset=\"https:\/\/acervosvirtuais.ufpel.edu.br\/museudastelecomunicacoes\/wp-content\/uploads\/sites\/5\/2021\/05\/MT-EXP-FOTO-19-1024x749.jpg 1024w, https:\/\/acervosvirtuais.ufpel.edu.br\/museudastelecomunicacoes\/wp-content\/uploads\/sites\/5\/2021\/05\/MT-EXP-FOTO-19-400x292.jpg 400w, https:\/\/acervosvirtuais.ufpel.edu.br\/museudastelecomunicacoes\/wp-content\/uploads\/sites\/5\/2021\/05\/MT-EXP-FOTO-19-768x562.jpg 768w, https:\/\/acervosvirtuais.ufpel.edu.br\/museudastelecomunicacoes\/wp-content\/uploads\/sites\/5\/2021\/05\/MT-EXP-FOTO-19-1536x1123.jpg 1536w, https:\/\/acervosvirtuais.ufpel.edu.br\/museudastelecomunicacoes\/wp-content\/uploads\/sites\/5\/2021\/05\/MT-EXP-FOTO-19-2048x1497.jpg 2048w, https:\/\/acervosvirtuais.ufpel.edu.br\/museudastelecomunicacoes\/wp-content\/uploads\/sites\/5\/2021\/05\/MT-EXP-FOTO-19-205x150.jpg 205w\" sizes=\"auto, (max-width: 509px) 100vw, 509px\" \/><\/figure><\/div>\n\n\n\n<blockquote class=\"wp-block-quote is-style-default is-layout-flow wp-block-quote-is-layout-flow\"><p><em><strong>El<\/strong><\/em><em style=\"font-weight: bold\"><strong>e n\u00e3o admitia que n\u00f3s us\u00e1ssemos pantalona, s\u00f3 saia. Podia estar o frio que tivesse que n\u00f3s n\u00e3o pod\u00edamos usar pantalona. A\u00ed n\u00f3s fizemos uma comiss\u00e3o e fomos conversar com ele. Ent\u00e3o fomos l\u00e1 pedir para ele, porque a gente passava horas sentadas. Ali era muito frio, tinha ar condicionado, mas a gente sa\u00eda para a rua, era frio e todo mundo usava cal\u00e7a comprida e n\u00f3s n\u00e3o pod\u00edamos usar. Ent\u00e3o a gente foi pedir para ele, a\u00ed ele relutou, relutou e n\u00f3s insistindo, insistindo. A\u00ed ele disse assim: \u201cEst\u00e1 bem, voc\u00eas querem usar, voc\u00eas podem usar, mas voc\u00eas v\u00e3o tapar as pernas de voc\u00eas que s\u00e3o muito bonitas, mas se voc\u00eas quiserem usar, podem usar!\u201d. A\u00ed ele deixou n\u00f3s usarmos pantalona, mas ele era bem s\u00e9rio, nada de brincadeira.<\/strong><\/em><\/p><cite>Maria Regina Santos &#8211; Come\u00e7ou a trabalhar em 1971.<\/cite><\/blockquote>\n\n\n\n<div class=\"wp-block-image\"><figure class=\"aligncenter size-large is-resized\"><img loading=\"lazy\" decoding=\"async\" src=\"https:\/\/acervosvirtuais.ufpel.edu.br\/museudastelecomunicacoes\/wp-content\/uploads\/sites\/5\/2021\/05\/MT-EXP-FOTO-04-1024x752.jpg\" alt=\"\" class=\"wp-image-309\" width=\"658\" height=\"482\" srcset=\"https:\/\/acervosvirtuais.ufpel.edu.br\/museudastelecomunicacoes\/wp-content\/uploads\/sites\/5\/2021\/05\/MT-EXP-FOTO-04-1024x752.jpg 1024w, https:\/\/acervosvirtuais.ufpel.edu.br\/museudastelecomunicacoes\/wp-content\/uploads\/sites\/5\/2021\/05\/MT-EXP-FOTO-04-400x294.jpg 400w, https:\/\/acervosvirtuais.ufpel.edu.br\/museudastelecomunicacoes\/wp-content\/uploads\/sites\/5\/2021\/05\/MT-EXP-FOTO-04-768x564.jpg 768w, https:\/\/acervosvirtuais.ufpel.edu.br\/museudastelecomunicacoes\/wp-content\/uploads\/sites\/5\/2021\/05\/MT-EXP-FOTO-04-1536x1128.jpg 1536w, https:\/\/acervosvirtuais.ufpel.edu.br\/museudastelecomunicacoes\/wp-content\/uploads\/sites\/5\/2021\/05\/MT-EXP-FOTO-04-2048x1503.jpg 2048w, https:\/\/acervosvirtuais.ufpel.edu.br\/museudastelecomunicacoes\/wp-content\/uploads\/sites\/5\/2021\/05\/MT-EXP-FOTO-04-205x150.jpg 205w\" sizes=\"auto, (max-width: 658px) 100vw, 658px\" \/><\/figure><\/div>\n\n\n\n<blockquote class=\"wp-block-quote is-style-default is-layout-flow wp-block-quote-is-layout-flow\"><p><em><strong>Era assim que funcionava, a\u00ed para tu veres o que \u00e9 a tecnologia, hoje a gente levanta o fone e fala para onde quer, uma maravilha! Mas naquela \u00e9poca era bem assim e bem desgastante, porque n\u00f3s t\u00ednhamos telefonistas, que eu n\u00e3o vou citar o nome agora, que elas ficavam bravas e brigavam. Brigavam porque elas queriam passar a liga\u00e7\u00e3o e n\u00f3s t\u00ednhamos servi\u00e7o, e elas diziam &#8220;n\u00e3o, porque \u00e9 de urg\u00eancia e tenho que passar, porque o Seu Fulano\u201d, &#8230;. Ent\u00e3o tinha que entrar a telefonista chefe, para conversar com ela e dependendo do assunto at\u00e9 elas \u00e0s vezes cediam ou n\u00e3o, porque n\u00f3s tamb\u00e9m t\u00ednhamos os nossos assinantes que, tamb\u00e9m, queriam falar e todo mundo&#8230; era assunto importante porque naquela \u00e9poca ningu\u00e9m ligava para bater papo, eram coisas de neg\u00f3cio, a maior parte eram firmas, que pediam (liga\u00e7\u00f5es), tinha uma prioridade. Sempre que chegavam as liga\u00e7\u00f5es, passava na frente e como hospitais, m\u00e9dicos, essas coisas assim, a gente sempre&#8230; a telefonista chefe determinava e a gente obedecia.<\/strong><\/em><\/p><cite><strong><em>&nbsp;Maria Regina Santos &#8211; Come\u00e7ou a trabalhar em 1971.<\/em><\/strong><\/cite><\/blockquote>\n\n\n\n<blockquote class=\"wp-block-quote is-style-default is-layout-flow wp-block-quote-is-layout-flow\"><p><strong><em>Mas depois que eu passei para telefonista encarregada, o trabalho era de passar de mesa em mesa, \u00e0s vezes socorria uma l\u00e1 &#8220;a\u00ed, a fulana n\u00e3o est\u00e1 me atendendo\u201d e chorava \u00e0s vezes porque n\u00e3o estava conseguindo passar o servi\u00e7o, pelo fato do outro lado n\u00e3o estar atendendo direito. Davam aquelas brigas no telefone, e elas entravam em stress, adoeciam, ficavam chorosas, e l\u00e1 a gente tinha que ir, entender, tentar acalmar e a\u00ed sentava um pouco na mesa e tentava, a\u00ed chamava a chefe do outro lado e a\u00ed chefe com chefe &#8220;vamos conversar, est\u00e1 acontecendo isso na mesa tal\u201d.<\/em><\/strong><\/p><cite><strong><em>&nbsp;Leila Universina Jardim Jorge &#8211; Come\u00e7ou a trabalhar, na CTMR,&nbsp; em 1969.<\/em><\/strong><\/cite><\/blockquote>\n\n\n\n<div class=\"wp-block-image\"><figure class=\"aligncenter size-large is-resized\"><img loading=\"lazy\" decoding=\"async\" src=\"https:\/\/acervosvirtuais.ufpel.edu.br\/museudastelecomunicacoes\/wp-content\/uploads\/sites\/5\/2021\/05\/MT-EXP-FOTO-03-1024x752.jpg\" alt=\"\" class=\"wp-image-310\" width=\"794\" height=\"582\" srcset=\"https:\/\/acervosvirtuais.ufpel.edu.br\/museudastelecomunicacoes\/wp-content\/uploads\/sites\/5\/2021\/05\/MT-EXP-FOTO-03-1024x752.jpg 1024w, https:\/\/acervosvirtuais.ufpel.edu.br\/museudastelecomunicacoes\/wp-content\/uploads\/sites\/5\/2021\/05\/MT-EXP-FOTO-03-400x294.jpg 400w, https:\/\/acervosvirtuais.ufpel.edu.br\/museudastelecomunicacoes\/wp-content\/uploads\/sites\/5\/2021\/05\/MT-EXP-FOTO-03-768x564.jpg 768w, https:\/\/acervosvirtuais.ufpel.edu.br\/museudastelecomunicacoes\/wp-content\/uploads\/sites\/5\/2021\/05\/MT-EXP-FOTO-03-1536x1128.jpg 1536w, https:\/\/acervosvirtuais.ufpel.edu.br\/museudastelecomunicacoes\/wp-content\/uploads\/sites\/5\/2021\/05\/MT-EXP-FOTO-03-2048x1503.jpg 2048w, https:\/\/acervosvirtuais.ufpel.edu.br\/museudastelecomunicacoes\/wp-content\/uploads\/sites\/5\/2021\/05\/MT-EXP-FOTO-03-205x150.jpg 205w\" sizes=\"auto, (max-width: 794px) 100vw, 794px\" \/><\/figure><\/div>\n\n\n\n<p>Ent\u00e3o, o&nbsp; seu primeiro trabalho foi como telefonista?&#8230;&nbsp;<\/p>\n\n\n\n<blockquote class=\"wp-block-quote is-style-default is-layout-flow wp-block-quote-is-layout-flow\"><p><strong><em>N\u00e3o como telefonista, atendente. Eles colocaram na minha carteira taxista, na \u00e9poca se usava uma taxa ali, naquela parte das liga\u00e7\u00f5es das cabines, se usavam taxa, ent\u00e3o na minha carteira est\u00e1 taxista, nem sei dirigir carro!<\/em><\/strong><\/p><p><strong><em>Era p\u00e9ssimo, eu quase morri ali: no fim de semana trabalhava uma s\u00f3 e durante a semana em dupla. Ent\u00e3o numa semana uma era a caixa, e na outra semana a outra. E tinha um monte de problemas de dinheiro.<\/em><\/strong><\/p><cite><strong><em>Deolinda da Silva Nunes. Come\u00e7ou a trabalhar, na CTMR, em 1977.<\/em><\/strong><\/cite><\/blockquote>\n\n\n\n<div class=\"wp-block-image\"><figure class=\"aligncenter size-large is-resized\"><img loading=\"lazy\" decoding=\"async\" src=\"https:\/\/acervosvirtuais.ufpel.edu.br\/museudastelecomunicacoes\/wp-content\/uploads\/sites\/5\/2021\/05\/MT-EXP-FOTO-11-1024x752.jpg\" alt=\"\" class=\"wp-image-311\" width=\"697\" height=\"511\" srcset=\"https:\/\/acervosvirtuais.ufpel.edu.br\/museudastelecomunicacoes\/wp-content\/uploads\/sites\/5\/2021\/05\/MT-EXP-FOTO-11-1024x752.jpg 1024w, https:\/\/acervosvirtuais.ufpel.edu.br\/museudastelecomunicacoes\/wp-content\/uploads\/sites\/5\/2021\/05\/MT-EXP-FOTO-11-400x294.jpg 400w, https:\/\/acervosvirtuais.ufpel.edu.br\/museudastelecomunicacoes\/wp-content\/uploads\/sites\/5\/2021\/05\/MT-EXP-FOTO-11-768x564.jpg 768w, https:\/\/acervosvirtuais.ufpel.edu.br\/museudastelecomunicacoes\/wp-content\/uploads\/sites\/5\/2021\/05\/MT-EXP-FOTO-11-1536x1128.jpg 1536w, https:\/\/acervosvirtuais.ufpel.edu.br\/museudastelecomunicacoes\/wp-content\/uploads\/sites\/5\/2021\/05\/MT-EXP-FOTO-11-2048x1503.jpg 2048w, https:\/\/acervosvirtuais.ufpel.edu.br\/museudastelecomunicacoes\/wp-content\/uploads\/sites\/5\/2021\/05\/MT-EXP-FOTO-11-205x150.jpg 205w\" sizes=\"auto, (max-width: 697px) 100vw, 697px\" \/><\/figure><\/div>\n\n\n\n<blockquote class=\"wp-block-quote is-style-default is-layout-flow wp-block-quote-is-layout-flow\"><p><strong><em>Eu havia terminado o curso ginasial e buscava servi\u00e7o. A CTMR estava abrindo vaga e eu fui at\u00e9 l\u00e1, encaminhada por uma pessoa amiga da fam\u00edlia que estava se aposentando de l\u00e1. E realmente iam sair muitas funcion\u00e1rias, estavam precisando de gente. Tem uma coisa que eu n\u00e3o vou esquecer nunca, o presidente olhou para minha m\u00e3o e naquela \u00e9poca eu era noiva, e ele disse assim para mim: mas filha, tu j\u00e1 vais casar. Por que tu queres trabalhar? Porque era assim a mentalidade na \u00e9poca, a mulher n\u00e3o podia trabalhar. E na \u00e9poca era assim, casou e n\u00e3o podia ficar trabalhando. Ent\u00e3o eu disse assim para ele: &#8220;n\u00e3o, eu sou noiva mas n\u00e3o vou casar agora e tenho vontade de trabalhar\u201d. Ele disse: &#8220;tu nunca trabalhastes? E eu respondi que n\u00e3o. E depois de tanto conversar e ele me dizendo que eu ia sair em seguida, que casava e j\u00e1 ia embora, era aquela mentalidade assim, e por qu\u00ea? Porque a mulher ia ter filhos, ia faltar servi\u00e7o, ia ter o tempo da maternidade, da amamenta\u00e7\u00e3o, ent\u00e3o a mulher coitada era discriminada mesmo. Tinha que ficar solteira. Na \u00e9poca todas que estavam se aposentando eram solteiras. E eu comecei a argumentar com ele e ele disse: &#8220;t\u00e1, filha, estou vendo que est\u00e1s interessada, passa l\u00e1 na secretaria e fala com a secret\u00e1ria que ela vai te dizer o que tens que fazer&#8221;.<\/em><\/strong><\/p><cite>Leila Universina Jardim Jorge &#8211; Come\u00e7ou a trabalhar, na CTMR,&nbsp; em 1969.<\/cite><\/blockquote>\n\n\n\n<div class=\"wp-block-image\"><figure class=\"aligncenter size-large is-resized\"><img loading=\"lazy\" decoding=\"async\" src=\"https:\/\/acervosvirtuais.ufpel.edu.br\/museudastelecomunicacoes\/wp-content\/uploads\/sites\/5\/2021\/05\/MT-EXP-FOTO-02-1024x751.jpg\" alt=\"\" class=\"wp-image-312\" width=\"713\" height=\"523\" srcset=\"https:\/\/acervosvirtuais.ufpel.edu.br\/museudastelecomunicacoes\/wp-content\/uploads\/sites\/5\/2021\/05\/MT-EXP-FOTO-02-1024x751.jpg 1024w, https:\/\/acervosvirtuais.ufpel.edu.br\/museudastelecomunicacoes\/wp-content\/uploads\/sites\/5\/2021\/05\/MT-EXP-FOTO-02-400x293.jpg 400w, https:\/\/acervosvirtuais.ufpel.edu.br\/museudastelecomunicacoes\/wp-content\/uploads\/sites\/5\/2021\/05\/MT-EXP-FOTO-02-768x563.jpg 768w, https:\/\/acervosvirtuais.ufpel.edu.br\/museudastelecomunicacoes\/wp-content\/uploads\/sites\/5\/2021\/05\/MT-EXP-FOTO-02-1536x1127.jpg 1536w, https:\/\/acervosvirtuais.ufpel.edu.br\/museudastelecomunicacoes\/wp-content\/uploads\/sites\/5\/2021\/05\/MT-EXP-FOTO-02-2048x1502.jpg 2048w, https:\/\/acervosvirtuais.ufpel.edu.br\/museudastelecomunicacoes\/wp-content\/uploads\/sites\/5\/2021\/05\/MT-EXP-FOTO-02-205x150.jpg 205w\" sizes=\"auto, (max-width: 713px) 100vw, 713px\" \/><\/figure><\/div>\n\n\n\n<pre class=\"wp-block-preformatted\"><strong><span class=\"has-inline-color has-default-color\">Ficha T\u00e9cnica<\/span><\/strong>\n<strong>Coordena\u00e7\u00e3o:<\/strong> Annelise Montone.\n<strong>Curadoria:<\/strong> Annelise Montone, Noris Mara P. M. Leal, Clarissa Neutzling e Carina Ferreira.\n<strong>Cria\u00e7\u00e3o de arte e design:<\/strong> Clarissa Neutzling e Carina Ferreira.\n<strong>Montagem:<\/strong> Noris Leal, Annelise Montone, Clarissa Neutzling, Carina Ferreira, Kerllen Cavalheiro e Ana Carolina F. da Silva.\n<\/pre>\n","protected":false},"excerpt":{"rendered":"<p>A exposi\u00e7\u00e3o Vozes femininas na CTMR, por meio de fotografias do acervo do Museu das Telecomunica\u00e7\u00f5es\/UFPEL e de relatos de antigas trabalhadoras da empresa, apresenta peculiaridades da atua\u00e7\u00e3o dessas mulheres, como, por exemplo, suas tarefas cotidianas e normas que deveriam ser seguidas, no contexto de atribui\u00e7\u00f5es para o trabalho feminino, fora do contexto dom\u00e9stico, na [&hellip;]<\/p>\n","protected":false},"author":13,"featured_media":0,"parent":124,"menu_order":0,"comment_status":"closed","ping_status":"closed","template":"","meta":{"footnotes":""},"class_list":["post-194","page","type-page","status-publish","hentry"],"_links":{"self":[{"href":"https:\/\/acervosvirtuais.ufpel.edu.br\/museudastelecomunicacoes\/wp-json\/wp\/v2\/pages\/194","targetHints":{"allow":["GET"]}}],"collection":[{"href":"https:\/\/acervosvirtuais.ufpel.edu.br\/museudastelecomunicacoes\/wp-json\/wp\/v2\/pages"}],"about":[{"href":"https:\/\/acervosvirtuais.ufpel.edu.br\/museudastelecomunicacoes\/wp-json\/wp\/v2\/types\/page"}],"author":[{"embeddable":true,"href":"https:\/\/acervosvirtuais.ufpel.edu.br\/museudastelecomunicacoes\/wp-json\/wp\/v2\/users\/13"}],"replies":[{"embeddable":true,"href":"https:\/\/acervosvirtuais.ufpel.edu.br\/museudastelecomunicacoes\/wp-json\/wp\/v2\/comments?post=194"}],"version-history":[{"count":8,"href":"https:\/\/acervosvirtuais.ufpel.edu.br\/museudastelecomunicacoes\/wp-json\/wp\/v2\/pages\/194\/revisions"}],"predecessor-version":[{"id":387,"href":"https:\/\/acervosvirtuais.ufpel.edu.br\/museudastelecomunicacoes\/wp-json\/wp\/v2\/pages\/194\/revisions\/387"}],"up":[{"embeddable":true,"href":"https:\/\/acervosvirtuais.ufpel.edu.br\/museudastelecomunicacoes\/wp-json\/wp\/v2\/pages\/124"}],"wp:attachment":[{"href":"https:\/\/acervosvirtuais.ufpel.edu.br\/museudastelecomunicacoes\/wp-json\/wp\/v2\/media?parent=194"}],"curies":[{"name":"wp","href":"https:\/\/api.w.org\/{rel}","templated":true}]}}