{"id":22099,"date":"2022-04-05T21:40:02","date_gmt":"2022-04-06T00:40:02","guid":{"rendered":"https:\/\/acervosvirtuais.ufpel.edu.br\/museuafrobrasilsul\/?page_id=22099"},"modified":"2022-10-06T22:25:59","modified_gmt":"2022-10-07T01:25:59","slug":"colecao-religiosidade","status":"publish","type":"page","link":"https:\/\/acervosvirtuais.ufpel.edu.br\/museuafrobrasilsul\/colecao-religiosidade\/","title":{"rendered":"Espiritualidade e Religiosidade"},"content":{"rendered":"\n<div class=\"wp-block-columns are-vertically-aligned-top is-layout-flex wp-container-core-columns-is-layout-28f84493 wp-block-columns-is-layout-flex\">\n<div class=\"wp-block-column is-vertically-aligned-top is-layout-flow wp-block-column-is-layout-flow\" style=\"flex-basis:400px\">\n<figure class=\"wp-block-embed is-type-video is-provider-youtube wp-block-embed-youtube wp-embed-aspect-16-9 wp-has-aspect-ratio\"><div class=\"wp-block-embed__wrapper\">\n<iframe loading=\"lazy\" title=\"M\u00c3E PRETA DE OGUM E A ANCESTRALIDADE AFRICANA | #07 MABSUL PODCAST\" width=\"1400\" height=\"788\" src=\"https:\/\/www.youtube.com\/embed\/bh1Xb3G0BFM?start=6&#038;feature=oembed\" frameborder=\"0\" allow=\"accelerometer; autoplay; clipboard-write; encrypted-media; gyroscope; picture-in-picture\" allowfullscreen><\/iframe>\n<\/div><figcaption><strong>M\u00c3E PRETA DE OGUM E A ANCESTRALIDADE AFRICANA | #07 MABSUL PODCAST<\/strong><br><strong><mark style=\"color:#555555\" class=\"has-inline-color\">2021<\/mark><\/strong><\/figcaption><\/figure>\n<\/div>\n\n\n\n<div class=\"wp-block-column is-vertically-aligned-top is-layout-flow wp-block-column-is-layout-flow\" style=\"flex-basis:400px\">\n<figure class=\"wp-block-embed is-type-video is-provider-youtube wp-block-embed-youtube wp-embed-aspect-16-9 wp-has-aspect-ratio\"><div class=\"wp-block-embed__wrapper\">\n<iframe loading=\"lazy\" title=\"Mini Document\u00e1rio ou Colet\u00e2nea Festa de Iemanj\u00e1, Associa\u00e7\u00e3o da Balsa, Pelotas RS\" width=\"1400\" height=\"788\" src=\"https:\/\/www.youtube.com\/embed\/I43SgEMIURc?feature=oembed\" frameborder=\"0\" allow=\"accelerometer; autoplay; clipboard-write; encrypted-media; gyroscope; picture-in-picture\" allowfullscreen><\/iframe>\n<\/div><figcaption><strong>Mini Document\u00e1rio ou Colet\u00e2nea Festa de Iemanj\u00e1, Associa\u00e7\u00e3o da Balsa, Pelotas RS<\/strong> <br><mark style=\"color:#555555\" class=\"has-inline-color\"><strong>2020<\/strong><\/mark> <em>(Fonte: <a href=\"https:\/\/www.youtube.com\/channel\/UCaO9WnI8fxiKVjnozjnvU_g\">Jo\u00e3o Paulo Pinho<\/a>)<\/em><\/figcaption><\/figure>\n<\/div>\n\n\n\n<div class=\"wp-block-column is-vertically-aligned-top is-layout-flow wp-block-column-is-layout-flow\" style=\"flex-basis:400px\">\n<figure class=\"wp-block-embed is-type-video is-provider-youtube wp-block-embed-youtube wp-embed-aspect-16-9 wp-has-aspect-ratio\"><div class=\"wp-block-embed__wrapper\">\n<iframe loading=\"lazy\" title=\"Homenagem a Iemanj\u00e1 no Mercado P\u00fablico de Porto Alegre!\" width=\"1400\" height=\"788\" src=\"https:\/\/www.youtube.com\/embed\/ew4j3h0osc8?feature=oembed\" frameborder=\"0\" allow=\"accelerometer; autoplay; clipboard-write; encrypted-media; gyroscope; picture-in-picture\" allowfullscreen><\/iframe>\n<\/div><figcaption><strong>Homenagem a Iemanj\u00e1 no Mercado P\u00fablico de Porto Alegre!<br><mark style=\"color:#555555\" class=\"has-inline-color\">2019<\/mark><\/strong> <em>(Fonte: <a href=\"https:\/\/www.youtube.com\/channel\/UC_3nsZ8_PL_y_WbmJU4_t4A\">TV NA\u00c7\u00c3O PRETA<\/a>)<\/em><\/figcaption><\/figure>\n<\/div>\n<\/div>\n\n\n\n<div class=\"wp-block-columns is-layout-flex wp-container-core-columns-is-layout-28f84493 wp-block-columns-is-layout-flex\">\n<div class=\"wp-block-column is-layout-flow wp-block-column-is-layout-flow\" style=\"flex-basis:400px\">\n<figure class=\"wp-block-embed is-type-video is-provider-youtube wp-block-embed-youtube wp-embed-aspect-16-9 wp-has-aspect-ratio\"><div class=\"wp-block-embed__wrapper\">\n<iframe loading=\"lazy\" title=\"63\u00b0 Festa de Iemanj\u00e1 em Quint\u00e3o\" width=\"1400\" height=\"788\" src=\"https:\/\/www.youtube.com\/embed\/dKcbIDcpJEw?feature=oembed\" frameborder=\"0\" allow=\"accelerometer; autoplay; clipboard-write; encrypted-media; gyroscope; picture-in-picture\" allowfullscreen><\/iframe>\n<\/div><figcaption><strong>63\u00b0 Festa de Iemanj\u00e1 em Quint\u00e3o<br><\/strong><mark style=\"color:#555555\" class=\"has-inline-color\"><strong>2022<\/strong> <\/mark><em>(Fonte: <a href=\"https:\/\/www.youtube.com\/channel\/UCOYz-pEFsfiz7FeqSVNnPMw\">Kizomba<\/a>)<\/em><\/figcaption><\/figure>\n<\/div>\n\n\n\n<div class=\"wp-block-column is-layout-flow wp-block-column-is-layout-flow\" style=\"flex-basis:400px\">\n<figure class=\"wp-block-embed is-type-video is-provider-youtube wp-block-embed-youtube wp-embed-aspect-16-9 wp-has-aspect-ratio\"><div class=\"wp-block-embed__wrapper\">\n<iframe loading=\"lazy\" title=\"RESUMO DA SEMANA DA CONSCI\u00caNCIA NEGRA DE ARROIO GRANDE\/RS - 2021\" width=\"1400\" height=\"788\" src=\"https:\/\/www.youtube.com\/embed\/J07Vz6bz0XQ?feature=oembed\" frameborder=\"0\" allow=\"accelerometer; autoplay; clipboard-write; encrypted-media; gyroscope; picture-in-picture\" allowfullscreen><\/iframe>\n<\/div><figcaption><strong>RESUMO DA SEMANA DA CONSCI\u00caNCIA NEGRA DE ARROIO GRANDE\/RS &#8211; 2021<\/strong><br><strong><mark style=\"color:#555555\" class=\"has-inline-color\">2021<\/mark><\/strong> <em>(Fonte: <a href=\"https:\/\/www.youtube.com\/channel\/UC10QrnIEOwg1ZrMWWhQD7dw\">AG TV<\/a>)<\/em><\/figcaption><\/figure>\n<\/div>\n\n\n\n<div class=\"wp-block-column is-vertically-aligned-top is-layout-flow wp-block-column-is-layout-flow\" style=\"flex-basis:400px\">\n<figure class=\"wp-block-embed is-type-video is-provider-youtube wp-block-embed-youtube wp-embed-aspect-16-9 wp-has-aspect-ratio\"><div class=\"wp-block-embed__wrapper\">\n<iframe loading=\"lazy\" title=\"Festa de Iemanj\u00e1 na Praia do Cassino - Rio Grande\/RS (01\/02\/2020)\" width=\"1400\" height=\"788\" src=\"https:\/\/www.youtube.com\/embed\/_nxWP1_p31U?feature=oembed\" frameborder=\"0\" allow=\"accelerometer; autoplay; clipboard-write; encrypted-media; gyroscope; picture-in-picture\" allowfullscreen><\/iframe>\n<\/div><figcaption><strong>Festa de Iemanj\u00e1 na Praia do Cassino &#8211; Rio Grande\/RS (01\/02\/2020)<br><mark style=\"color:#555555\" class=\"has-inline-color\">2020<\/mark><\/strong> <em>(Fonte:<a href=\"https:\/\/www.youtube.com\/channel\/UC_3nsZ8_PL_y_WbmJU4_t4A\"> Arnoldo V\u00eddeo Produ\u00e7\u00e3o<\/a>)<\/em><\/figcaption><\/figure>\n<\/div>\n<\/div>\n\n\n\n<div class=\"wp-block-columns is-layout-flex wp-container-core-columns-is-layout-28f84493 wp-block-columns-is-layout-flex\">\n<div class=\"wp-block-column is-layout-flow wp-block-column-is-layout-flow\" style=\"flex-basis:400px\">\n<figure class=\"wp-block-embed is-type-video is-provider-youtube wp-block-embed-youtube wp-embed-aspect-16-9 wp-has-aspect-ratio\"><div class=\"wp-block-embed__wrapper\">\n<iframe loading=\"lazy\" title=\"Prociss\u00e3o de pai ogum em Pelotas, rs\" width=\"1400\" height=\"788\" src=\"https:\/\/www.youtube.com\/embed\/1R32-4ZT5bI?feature=oembed\" frameborder=\"0\" allow=\"accelerometer; autoplay; clipboard-write; encrypted-media; gyroscope; picture-in-picture\" allowfullscreen><\/iframe>\n<\/div><figcaption><strong>Prociss\u00e3o de pai ogum em Pelotas, RS<br><\/strong><mark style=\"color:#555555\" class=\"has-inline-color\"><strong>2022<\/strong> <\/mark><em>(Fonte: <a href=\"https:\/\/www.youtube.com\/channel\/UCOYz-pEFsfiz7FeqSVNnPMw\"><\/a><a href=\"https:\/\/www.youtube.com\/channel\/UCwPRgDPhbLJ7qI0WV4G-d2Q\">Nice de yans\u00e3 Umbanda e orixas<\/a>)<\/em><\/figcaption><\/figure>\n<\/div>\n\n\n\n<div class=\"wp-block-column is-layout-flow wp-block-column-is-layout-flow\" style=\"flex-basis:400px\">\n<figure class=\"wp-block-embed is-type-video is-provider-youtube wp-block-embed-youtube wp-embed-aspect-16-9 wp-has-aspect-ratio\"><div class=\"wp-block-embed__wrapper\">\n<iframe loading=\"lazy\" title=\"2 parte da prociss\u00e3o de pai ogum em Pelotas, rs\" width=\"1400\" height=\"788\" src=\"https:\/\/www.youtube.com\/embed\/kLXobCDOEPM?feature=oembed\" frameborder=\"0\" allow=\"accelerometer; autoplay; clipboard-write; encrypted-media; gyroscope; picture-in-picture\" allowfullscreen><\/iframe>\n<\/div><figcaption><strong>2 parte da prociss\u00e3o de pai ogum em Pelotas, <strong>RS<\/strong><br><\/strong><mark style=\"color:#555555\" class=\"has-inline-color\"><strong>2022<\/strong> <\/mark><em>(Fonte: <a href=\"https:\/\/www.youtube.com\/channel\/UCOYz-pEFsfiz7FeqSVNnPMw\"><\/a><a href=\"https:\/\/www.youtube.com\/channel\/UCwPRgDPhbLJ7qI0WV4G-d2Q\">Nice de yans\u00e3 Umbanda e orixas<\/a>)<\/em><\/figcaption><\/figure>\n<\/div>\n\n\n\n<div class=\"wp-block-column is-layout-flow wp-block-column-is-layout-flow\" style=\"flex-basis:400px\">\n<figure class=\"wp-block-embed is-type-video is-provider-youtube wp-block-embed-youtube wp-embed-aspect-16-9 wp-has-aspect-ratio\"><div class=\"wp-block-embed__wrapper\">\n<iframe loading=\"lazy\" title=\"3 parte da prociss\u00e3o de pai ogum em Pelotas,rs\" width=\"1400\" height=\"788\" src=\"https:\/\/www.youtube.com\/embed\/Rl_0gngh-a4?feature=oembed\" frameborder=\"0\" allow=\"accelerometer; autoplay; clipboard-write; encrypted-media; gyroscope; picture-in-picture\" allowfullscreen><\/iframe>\n<\/div><figcaption><strong>3 parte da prociss\u00e3o de pai ogum em Pelotas, <strong>RS<\/strong><br><\/strong><mark style=\"color:#555555\" class=\"has-inline-color\"><strong>2022<\/strong> <\/mark><em>(Fonte: <a href=\"https:\/\/www.youtube.com\/channel\/UCOYz-pEFsfiz7FeqSVNnPMw\"><\/a><a href=\"https:\/\/www.youtube.com\/channel\/UCwPRgDPhbLJ7qI0WV4G-d2Q\">Nice de yans\u00e3 Umbanda e orixas<\/a>)<\/em><\/figcaption><\/figure>\n<\/div>\n<\/div>\n\n\n\n<div class=\"wp-block-columns is-layout-flex wp-container-core-columns-is-layout-28f84493 wp-block-columns-is-layout-flex\">\n<div class=\"wp-block-column is-layout-flow wp-block-column-is-layout-flow\" style=\"flex-basis:400px\">\n<figure class=\"wp-block-embed is-type-video is-provider-youtube wp-block-embed-youtube wp-embed-aspect-16-9 wp-has-aspect-ratio\"><div class=\"wp-block-embed__wrapper\">\n<iframe loading=\"lazy\" title=\"4 parte da prociss\u00e3o de pai ogum em Pelotas,rs\" width=\"1400\" height=\"788\" src=\"https:\/\/www.youtube.com\/embed\/XlubpCHZLZM?feature=oembed\" frameborder=\"0\" allow=\"accelerometer; autoplay; clipboard-write; encrypted-media; gyroscope; picture-in-picture\" allowfullscreen><\/iframe>\n<\/div><figcaption><strong>4 parte da prociss\u00e3o de pai ogum em Pelotas, <strong>RS<\/strong><br><\/strong><mark style=\"color:#555555\" class=\"has-inline-color\"><strong>2022<\/strong> <\/mark><em>(Fonte: <a href=\"https:\/\/www.youtube.com\/channel\/UCOYz-pEFsfiz7FeqSVNnPMw\"><\/a><a href=\"https:\/\/www.youtube.com\/channel\/UCwPRgDPhbLJ7qI0WV4G-d2Q\">Nice de yans\u00e3 Umbanda e orixas<\/a>)<\/em><\/figcaption><\/figure>\n<\/div>\n\n\n\n<div class=\"wp-block-column is-layout-flow wp-block-column-is-layout-flow\" style=\"flex-basis:400px\">\n<figure class=\"wp-block-embed is-type-video is-provider-youtube wp-block-embed-youtube wp-embed-aspect-16-9 wp-has-aspect-ratio\"><div class=\"wp-block-embed__wrapper\">\n<iframe loading=\"lazy\" title=\"5 parte da prociss\u00e3o de pai ogum,em Pelotas,rs\" width=\"1400\" height=\"788\" src=\"https:\/\/www.youtube.com\/embed\/HL-4dgTzLyo?feature=oembed\" frameborder=\"0\" allow=\"accelerometer; autoplay; clipboard-write; encrypted-media; gyroscope; picture-in-picture\" allowfullscreen><\/iframe>\n<\/div><figcaption><strong><strong>5 parte da prociss\u00e3o de pai ogum em Pelotas, <strong>RS<\/strong><br><\/strong><\/strong><mark style=\"color:#555555\" class=\"has-inline-color\"><strong>2022<\/strong> <\/mark><em>(Fonte: <a href=\"https:\/\/www.youtube.com\/channel\/UCOYz-pEFsfiz7FeqSVNnPMw\"><\/a><a href=\"https:\/\/www.youtube.com\/channel\/UCwPRgDPhbLJ7qI0WV4G-d2Q\">Nice de yans\u00e3 Umbanda e orixas<\/a>)<\/em><\/figcaption><\/figure>\n<\/div>\n\n\n\n<div class=\"wp-block-column is-layout-flow wp-block-column-is-layout-flow\" style=\"flex-basis:400px\">\n<figure class=\"wp-block-embed is-type-video is-provider-youtube wp-block-embed-youtube wp-embed-aspect-16-9 wp-has-aspect-ratio\"><div class=\"wp-block-embed__wrapper\">\n<iframe loading=\"lazy\" title=\"Jonathan Ferr - Sino da Igrejinha (Ao Vivo)\" width=\"1400\" height=\"788\" src=\"https:\/\/www.youtube.com\/embed\/g-cplaWJt9A?feature=oembed\" frameborder=\"0\" allow=\"accelerometer; autoplay; clipboard-write; encrypted-media; gyroscope; picture-in-picture\" allowfullscreen><\/iframe>\n<\/div><figcaption><strong><strong>Jonathan Ferr &#8211; Sino da Igrejinha (Ao Vivo)<br><\/strong><\/strong><mark style=\"background-color:rgba(0, 0, 0, 0);color:#555555\" class=\"has-inline-color\"><strong>2021<\/strong> <\/mark><em>(Fonte: <a href=\"https:\/\/www.youtube.com\/channel\/UCNY9zfDGPYy9kHCVwIsWAdg\">Jonathan Ferr<\/a>)<\/em><\/figcaption><\/figure>\n<\/div>\n<\/div>\n\n\n\n<div class=\"wp-block-columns is-layout-flex wp-container-core-columns-is-layout-28f84493 wp-block-columns-is-layout-flex\">\n<div class=\"wp-block-column is-layout-flow wp-block-column-is-layout-flow\" style=\"flex-basis:400px\">\n<figure class=\"wp-block-embed is-type-video is-provider-youtube wp-block-embed-youtube wp-embed-aspect-16-9 wp-has-aspect-ratio\"><div class=\"wp-block-embed__wrapper\">\n<iframe loading=\"lazy\" title=\"Morte do Mestre Pai Ant\u00f4nio Carlos de Xang\u00f4 Aganju. Cr\u00e9ditos a M\u00e3e Bete Omidew\u00e1. \ud83e\udd8b\ud83d\udddd\ufe0f\" width=\"1400\" height=\"788\" src=\"https:\/\/www.youtube.com\/embed\/bdTRejf4mj4?feature=oembed\" frameborder=\"0\" allow=\"accelerometer; autoplay; clipboard-write; encrypted-media; gyroscope; picture-in-picture\" allowfullscreen><\/iframe>\n<\/div><figcaption><strong>Morte do Mestre Pai Ant\u00f4nio Carlos de Xang\u00f4 Aganju. Cr\u00e9ditos a M\u00e3e Bete Omidew\u00e1. \ud83e\udd8b\ud83d\udddd\ufe0f<br><\/strong><mark style=\"background-color:rgba(0, 0, 0, 0);color:#555555\" class=\"has-inline-color\"><strong>2021<\/strong> <\/mark><em>(Fonte: <a rel=\"noreferrer noopener\" href=\"https:\/\/www.youtube.com\/channel\/UCW5MuHfoaH8iHemeUd6UorQ\" data-type=\"URL\" data-id=\"https:\/\/www.youtube.com\/channel\/UCW5MuHfoaH8iHemeUd6UorQ\" target=\"_blank\">Reino de Bar\u00e1 &amp; Ians\u00e3<\/a>)<\/em><\/figcaption><\/figure>\n<\/div>\n\n\n\n<div class=\"wp-block-column is-layout-flow wp-block-column-is-layout-flow\" style=\"flex-basis:400px\">\n<figure class=\"wp-block-embed is-type-video is-provider-youtube wp-block-embed-youtube wp-embed-aspect-16-9 wp-has-aspect-ratio\"><div class=\"wp-block-embed__wrapper\">\n<iframe loading=\"lazy\" title=\"BATUQUE DO RS - HIST\u00d3RIA #1\" width=\"1400\" height=\"788\" src=\"https:\/\/www.youtube.com\/embed\/SHW_uuvHUQc?feature=oembed\" frameborder=\"0\" allow=\"accelerometer; autoplay; clipboard-write; encrypted-media; gyroscope; picture-in-picture\" allowfullscreen><\/iframe>\n<\/div><figcaption><strong>Batuque do RS &#8211; Hist\u00f3ria #1<\/strong><em> <\/em><br><strong><mark style=\"background-color:rgba(0, 0, 0, 0);color:#555555\" class=\"has-inline-color\">2021<\/mark><\/strong> <em>(Fonte: <a href=\"https:\/\/www.youtube.com\/c\/KelvindeOxal%C3%A1\">Kelvin de Oxal\u00e1<\/a><strong>)<\/strong><\/em><\/figcaption><\/figure>\n<\/div>\n\n\n\n<div class=\"wp-block-column is-layout-flow wp-block-column-is-layout-flow\" style=\"flex-basis:400px\">\n<figure class=\"wp-block-embed is-type-video is-provider-youtube wp-block-embed-youtube wp-embed-aspect-16-9 wp-has-aspect-ratio\"><div class=\"wp-block-embed__wrapper\">\n<iframe loading=\"lazy\" title=\"Esta\u00e7\u00e3o Livre | Ancestralidade | 24\/09\/2021\" width=\"1400\" height=\"788\" src=\"https:\/\/www.youtube.com\/embed\/NuE5G1-owws?feature=oembed\" frameborder=\"0\" allow=\"accelerometer; autoplay; clipboard-write; encrypted-media; gyroscope; picture-in-picture\" allowfullscreen><\/iframe>\n<\/div><figcaption><strong>Esta\u00e7\u00e3o Livre | Ancestralidade<\/strong><br><strong><mark style=\"background-color:rgba(0, 0, 0, 0);color:#555555\" class=\"has-inline-color\">2021<\/mark><\/strong> <em>(Fonte:<a href=\"https:\/\/www.youtube.com\/c\/TVCultura\" data-type=\"URL\" data-id=\"https:\/\/www.youtube.com\/c\/TVCultura\"> TV Cultura<\/a>)<\/em><\/figcaption><\/figure>\n<\/div>\n<\/div>\n\n\n\n<div class=\"wp-block-columns is-layout-flex wp-container-core-columns-is-layout-28f84493 wp-block-columns-is-layout-flex\">\n<div class=\"wp-block-column is-layout-flow wp-block-column-is-layout-flow\">\n<figure class=\"wp-block-embed is-type-video is-provider-youtube wp-block-embed-youtube wp-embed-aspect-16-9 wp-has-aspect-ratio\"><div class=\"wp-block-embed__wrapper\">\n<iframe loading=\"lazy\" title=\"Documentario M\u00e3e Lorena de Yemanja\" width=\"1400\" height=\"788\" src=\"https:\/\/www.youtube.com\/embed\/j70Vf3qxAR4?feature=oembed\" frameborder=\"0\" allow=\"accelerometer; autoplay; clipboard-write; encrypted-media; gyroscope; picture-in-picture\" allowfullscreen><\/iframe>\n<\/div><figcaption><strong>Document\u00e1rio M\u00e3e Lorena de Yemanj<\/strong>a<br><strong>2016<\/strong> <em>(Fonte: <a href=\"https:\/\/www.youtube.com\/channel\/UC44LhnxscU6-WToYGwU0jfA\" data-type=\"URL\" data-id=\"https:\/\/www.youtube.com\/channel\/UC44LhnxscU6-WToYGwU0jfA\">Rafael Reis<\/a>)<\/em><\/figcaption><\/figure>\n<\/div>\n\n\n\n<div class=\"wp-block-column is-layout-flow wp-block-column-is-layout-flow\"><\/div>\n\n\n\n<div class=\"wp-block-column is-layout-flow wp-block-column-is-layout-flow\"><\/div>\n<\/div>\n","protected":false},"excerpt":{"rendered":"","protected":false},"author":6,"featured_media":0,"parent":0,"menu_order":0,"comment_status":"closed","ping_status":"closed","template":"","meta":{"footnotes":""},"class_list":["post-22099","page","type-page","status-publish","hentry"],"jetpack_sharing_enabled":true,"_links":{"self":[{"href":"https:\/\/acervosvirtuais.ufpel.edu.br\/museuafrobrasilsul\/wp-json\/wp\/v2\/pages\/22099","targetHints":{"allow":["GET"]}}],"collection":[{"href":"https:\/\/acervosvirtuais.ufpel.edu.br\/museuafrobrasilsul\/wp-json\/wp\/v2\/pages"}],"about":[{"href":"https:\/\/acervosvirtuais.ufpel.edu.br\/museuafrobrasilsul\/wp-json\/wp\/v2\/types\/page"}],"author":[{"embeddable":true,"href":"https:\/\/acervosvirtuais.ufpel.edu.br\/museuafrobrasilsul\/wp-json\/wp\/v2\/users\/6"}],"replies":[{"embeddable":true,"href":"https:\/\/acervosvirtuais.ufpel.edu.br\/museuafrobrasilsul\/wp-json\/wp\/v2\/comments?post=22099"}],"version-history":[{"count":14,"href":"https:\/\/acervosvirtuais.ufpel.edu.br\/museuafrobrasilsul\/wp-json\/wp\/v2\/pages\/22099\/revisions"}],"predecessor-version":[{"id":39624,"href":"https:\/\/acervosvirtuais.ufpel.edu.br\/museuafrobrasilsul\/wp-json\/wp\/v2\/pages\/22099\/revisions\/39624"}],"wp:attachment":[{"href":"https:\/\/acervosvirtuais.ufpel.edu.br\/museuafrobrasilsul\/wp-json\/wp\/v2\/media?parent=22099"}],"curies":[{"name":"wp","href":"https:\/\/api.w.org\/{rel}","templated":true}]}}